{"id":172,"date":"2026-01-27T10:24:49","date_gmt":"2026-01-27T10:24:49","guid":{"rendered":"https:\/\/motacosta.pt\/novosite\/?page_id=172"},"modified":"2026-02-23T17:44:52","modified_gmt":"2026-02-23T17:44:52","slug":"servicos","status":"publish","type":"page","link":"https:\/\/motacosta.pt\/index.php\/servicos\/","title":{"rendered":"Servi\u00e7os"},"content":{"rendered":"\t\t<div data-elementor-type=\"wp-page\" data-elementor-id=\"172\" class=\"elementor elementor-172\" data-elementor-settings=\"{&quot;element_pack_global_tooltip_width&quot;:{&quot;unit&quot;:&quot;px&quot;,&quot;size&quot;:&quot;&quot;,&quot;sizes&quot;:[]},&quot;element_pack_global_tooltip_width_tablet&quot;:{&quot;unit&quot;:&quot;px&quot;,&quot;size&quot;:&quot;&quot;,&quot;sizes&quot;:[]},&quot;element_pack_global_tooltip_width_mobile&quot;:{&quot;unit&quot;:&quot;px&quot;,&quot;size&quot;:&quot;&quot;,&quot;sizes&quot;:[]},&quot;element_pack_global_tooltip_padding&quot;:{&quot;unit&quot;:&quot;px&quot;,&quot;top&quot;:&quot;&quot;,&quot;right&quot;:&quot;&quot;,&quot;bottom&quot;:&quot;&quot;,&quot;left&quot;:&quot;&quot;,&quot;isLinked&quot;:true},&quot;element_pack_global_tooltip_padding_tablet&quot;:{&quot;unit&quot;:&quot;px&quot;,&quot;top&quot;:&quot;&quot;,&quot;right&quot;:&quot;&quot;,&quot;bottom&quot;:&quot;&quot;,&quot;left&quot;:&quot;&quot;,&quot;isLinked&quot;:true},&quot;element_pack_global_tooltip_padding_mobile&quot;:{&quot;unit&quot;:&quot;px&quot;,&quot;top&quot;:&quot;&quot;,&quot;right&quot;:&quot;&quot;,&quot;bottom&quot;:&quot;&quot;,&quot;left&quot;:&quot;&quot;,&quot;isLinked&quot;:true},&quot;element_pack_global_tooltip_border_radius&quot;:{&quot;unit&quot;:&quot;px&quot;,&quot;top&quot;:&quot;&quot;,&quot;right&quot;:&quot;&quot;,&quot;bottom&quot;:&quot;&quot;,&quot;left&quot;:&quot;&quot;,&quot;isLinked&quot;:true},&quot;element_pack_global_tooltip_border_radius_tablet&quot;:{&quot;unit&quot;:&quot;px&quot;,&quot;top&quot;:&quot;&quot;,&quot;right&quot;:&quot;&quot;,&quot;bottom&quot;:&quot;&quot;,&quot;left&quot;:&quot;&quot;,&quot;isLinked&quot;:true},&quot;element_pack_global_tooltip_border_radius_mobile&quot;:{&quot;unit&quot;:&quot;px&quot;,&quot;top&quot;:&quot;&quot;,&quot;right&quot;:&quot;&quot;,&quot;bottom&quot;:&quot;&quot;,&quot;left&quot;:&quot;&quot;,&quot;isLinked&quot;:true}}\" data-elementor-post-type=\"page\">\n\t\t\t\t<div class=\"elementor-element elementor-element-b2f7844 e-flex e-con-boxed magic-button-disabled-no e-con e-parent\" data-id=\"b2f7844\" data-element_type=\"container\" data-e-type=\"container\" data-settings=\"{&quot;background_background&quot;:&quot;classic&quot;}\">\n\t\t\t\t\t<div class=\"e-con-inner\">\n\t\t<div class=\"elementor-element elementor-element-918e2cd e-con-full e-flex magic-button-disabled-no e-con e-child\" data-id=\"918e2cd\" data-element_type=\"container\" data-e-type=\"container\">\n\t\t\t\t<div class=\"elementor-element elementor-element-752ad22 elementor-widget elementor-widget-heading\" data-id=\"752ad22\" data-element_type=\"widget\" data-e-type=\"widget\" data-widget_type=\"heading.default\">\n\t\t\t\t\t<h3 class=\"elementor-heading-title elementor-size-default\">MOTACOSTA INVESTIMENTOS IMOBILI\u00c1RIOS<\/h3>\t\t\t\t<\/div>\n\t\t\t\t<div class=\"elementor-element elementor-element-4579755 elementor-widget elementor-widget-heading\" data-id=\"4579755\" data-element_type=\"widget\" data-e-type=\"widget\" data-widget_type=\"heading.default\">\n\t\t\t\t\t<h1 class=\"elementor-heading-title elementor-size-default\">servi\u00e7os<\/h1>\t\t\t\t<\/div>\n\t\t\t\t<\/div>\n\t\t\t\t\t<\/div>\n\t\t\t\t<\/div>\n\t\t<div class=\"elementor-element elementor-element-0fc37b8 e-con-full e-flex magic-button-disabled-no e-con e-parent\" data-id=\"0fc37b8\" data-element_type=\"container\" data-e-type=\"container\" data-settings=\"{&quot;background_background&quot;:&quot;classic&quot;}\">\n\t\t\t\t<div class=\"elementor-element elementor-element-d5c2428 elementor-widget elementor-widget-image\" data-id=\"d5c2428\" data-element_type=\"widget\" data-e-type=\"widget\" data-widget_type=\"image.default\">\n\t\t\t\t\t\t\t\t\t\t\t\t\t\t\t<img fetchpriority=\"high\" decoding=\"async\" width=\"2560\" height=\"884\" src=\"https:\/\/motacosta.pt\/wp-content\/uploads\/2026\/02\/frota-motacosta-scaled.jpg\" class=\"attachment-full size-full wp-image-1682\" alt=\"\" srcset=\"https:\/\/motacosta.pt\/wp-content\/uploads\/2026\/02\/frota-motacosta-scaled.jpg 2560w, https:\/\/motacosta.pt\/wp-content\/uploads\/2026\/02\/frota-motacosta-300x104.jpg 300w, https:\/\/motacosta.pt\/wp-content\/uploads\/2026\/02\/frota-motacosta-1024x354.jpg 1024w, https:\/\/motacosta.pt\/wp-content\/uploads\/2026\/02\/frota-motacosta-768x265.jpg 768w, https:\/\/motacosta.pt\/wp-content\/uploads\/2026\/02\/frota-motacosta-1536x531.jpg 1536w, https:\/\/motacosta.pt\/wp-content\/uploads\/2026\/02\/frota-motacosta-2048x707.jpg 2048w\" sizes=\"(max-width: 2560px) 100vw, 2560px\" \/>\t\t\t\t\t\t\t\t\t\t\t\t\t\t\t<\/div>\n\t\t\t\t<\/div>\n\t\t<div class=\"elementor-element elementor-element-42b82f2 e-flex e-con-boxed magic-button-disabled-no e-con e-parent\" data-id=\"42b82f2\" data-element_type=\"container\" data-e-type=\"container\" data-settings=\"{&quot;background_background&quot;:&quot;classic&quot;}\">\n\t\t\t\t\t<div class=\"e-con-inner\">\n\t\t\t\t<div class=\"elementor-element elementor-element-a9a5c5e elementor-widget elementor-widget-text-editor\" data-id=\"a9a5c5e\" data-element_type=\"widget\" data-e-type=\"widget\" data-widget_type=\"text-editor.default\">\n\t\t\t\t\t\t\t\t\t<p data-path-to-node=\"0\">Com base na entrevista de Bruno Costa, gerente da <b data-path-to-node=\"0\" data-index-in-node=\"50\">Mota Costa Investimentos Imobili\u00e1rios<\/b>, e no historial da empresa detalhado no Boletim Municipal de Corroios, aqui tem uma descri\u00e7\u00e3o completa e profissional da atividade para o seu novo site:<\/p><h2 data-path-to-node=\"1\">Mota Costa Investimentos Imobili\u00e1rios: Solidez e Vis\u00e3o no Setor Imobili\u00e1rio<\/h2><p data-path-to-node=\"2\"><span data-path-to-node=\"2,1\"><span class=\"citation-23\">A <\/span><b data-path-to-node=\"2,1\" data-index-in-node=\"2\"><span class=\"citation-23\">Mota Costa Investimentos Imobili\u00e1rios Lda.<\/span><\/b><span class=\"citation-23\"> \u00e9 uma empresa familiar sediada em Vale de Milha\u00e7os, Corroios, que combina d\u00e9cadas de experi\u00eancia na constru\u00e7\u00e3o civil com uma vis\u00e3o estrat\u00e9gica de gest\u00e3o de ativos imobili\u00e1rios<\/span><\/span><span data-path-to-node=\"2,3\">. <\/span><span data-path-to-node=\"2,5\"><span class=\"citation-22\">Fundada formalmente em outubro de 2020 por Bruno Costa, a empresa \u00e9 o resultado de uma evolu\u00e7\u00e3o natural de um percurso iniciado em 1993, inicialmente focado no com\u00e9rcio de materiais e, posteriormente, na constru\u00e7\u00e3o de raiz<\/span><\/span><span data-path-to-node=\"2,7\">.<\/span><\/p><p data-path-to-node=\"3\"><strong>A atividade da empresa estrutura-se em quatro pilares fundamentais:<\/strong><\/p>\t\t\t\t\t\t\t\t<\/div>\n\t\t\t\t\t<\/div>\n\t\t\t\t<\/div>\n\t\t<div class=\"elementor-element elementor-element-2d6a91e e-flex e-con-boxed magic-button-disabled-no e-con e-parent\" data-id=\"2d6a91e\" data-element_type=\"container\" data-e-type=\"container\">\n\t\t\t\t\t<div class=\"e-con-inner\">\n\t\t<div class=\"elementor-element elementor-element-1d5a42b e-con-full e-flex magic-button-disabled-no e-con e-child\" data-id=\"1d5a42b\" data-element_type=\"container\" data-e-type=\"container\">\n\t\t\t\t<div class=\"elementor-element elementor-element-bf35da8 elementor-widget elementor-widget-text-editor\" data-id=\"bf35da8\" data-element_type=\"widget\" data-e-type=\"widget\" data-widget_type=\"text-editor.default\">\n\t\t\t\t\t\t\t\t\t<h3 data-path-to-node=\"4\">1. Promo\u00e7\u00e3o e Constru\u00e7\u00e3o de Raiz<\/h3><p data-path-to-node=\"5\"><span data-path-to-node=\"5,1\"><span class=\"citation-21\">Com um historial que inclui a constru\u00e7\u00e3o de diversos im\u00f3veis em zonas de refer\u00eancia como a <\/span><b data-path-to-node=\"5,1\" data-index-in-node=\"91\"><span class=\"citation-21\">Quinta de Valadares, Santa Marta do Pinhal, Marisol e Pinhal do Vidal<\/span><\/b><span class=\"citation-21\">, a Mota Costa \u00e9 respons\u00e1vel pela cria\u00e7\u00e3o de habita\u00e7\u00f5es que ajudaram a fixar popula\u00e7\u00e3o e a desenvolver o concelho do Seixal<\/span><\/span><span data-path-to-node=\"5,3\">. <\/span><span data-path-to-node=\"5,5\"><span class=\"citation-20\">Um dos seus projetos mais recentes e emblem\u00e1ticos \u00e9 a <\/span><b data-path-to-node=\"5,5\" data-index-in-node=\"54\"><span class=\"citation-20\">Quinta do Costa<\/span><\/b><span class=\"citation-20\">, em Vale de Milha\u00e7os, que integra val\u00eancias habitacionais e comerciais<\/span><\/span><span data-path-to-node=\"5,7\">.<\/span><\/p>\t\t\t\t\t\t\t\t<\/div>\n\t\t\t\t<\/div>\n\t\t<div class=\"elementor-element elementor-element-e8152ff e-con-full e-flex magic-button-disabled-no e-con e-child\" data-id=\"e8152ff\" data-element_type=\"container\" data-e-type=\"container\">\n\t\t\t\t<div class=\"elementor-element elementor-element-5fbbceb elementor-widget elementor-widget-image\" data-id=\"5fbbceb\" data-element_type=\"widget\" data-e-type=\"widget\" data-widget_type=\"image.default\">\n\t\t\t\t\t\t\t\t\t\t\t\t\t\t\t<img decoding=\"async\" width=\"800\" height=\"450\" data-src=\"https:\/\/motacosta.pt\/wp-content\/uploads\/2026\/02\/Valadares_Lote-210-5-logos-1024x576.jpeg\" class=\"attachment-large size-large wp-image-1370 lazyload\" alt=\"\" data-srcset=\"https:\/\/motacosta.pt\/wp-content\/uploads\/2026\/02\/Valadares_Lote-210-5-logos-1024x576.jpeg 1024w, https:\/\/motacosta.pt\/wp-content\/uploads\/2026\/02\/Valadares_Lote-210-5-logos-300x169.jpeg 300w, https:\/\/motacosta.pt\/wp-content\/uploads\/2026\/02\/Valadares_Lote-210-5-logos-768x432.jpeg 768w, https:\/\/motacosta.pt\/wp-content\/uploads\/2026\/02\/Valadares_Lote-210-5-logos-1536x864.jpeg 1536w, https:\/\/motacosta.pt\/wp-content\/uploads\/2026\/02\/Valadares_Lote-210-5-logos-2048x1152.jpeg 2048w\" data-sizes=\"(max-width: 800px) 100vw, 800px\" src=\"data:image\/svg+xml;base64,PHN2ZyB3aWR0aD0iMSIgaGVpZ2h0PSIxIiB4bWxucz0iaHR0cDovL3d3dy53My5vcmcvMjAwMC9zdmciPjwvc3ZnPg==\" style=\"--smush-placeholder-width: 800px; --smush-placeholder-aspect-ratio: 800\/450;\" \/>\t\t\t\t\t\t\t\t\t\t\t\t\t\t\t<\/div>\n\t\t\t\t<\/div>\n\t\t\t\t\t<\/div>\n\t\t\t\t<\/div>\n\t\t<div class=\"elementor-element elementor-element-c353fd1 e-flex e-con-boxed magic-button-disabled-no e-con e-parent\" data-id=\"c353fd1\" data-element_type=\"container\" data-e-type=\"container\">\n\t\t\t\t\t<div class=\"e-con-inner\">\n\t\t<div class=\"elementor-element elementor-element-a4ba38c e-con-full e-flex magic-button-disabled-no e-con e-child\" data-id=\"a4ba38c\" data-element_type=\"container\" data-e-type=\"container\">\n\t\t\t\t<div class=\"elementor-element elementor-element-7a55cf0 elementor-widget elementor-widget-image\" data-id=\"7a55cf0\" data-element_type=\"widget\" data-e-type=\"widget\" data-widget_type=\"image.default\">\n\t\t\t\t\t\t\t\t\t\t\t\t\t\t\t<img decoding=\"async\" width=\"800\" height=\"506\" data-src=\"https:\/\/motacosta.pt\/wp-content\/uploads\/2026\/02\/depois-1-1024x648.jpg\" class=\"attachment-large size-large wp-image-987 lazyload\" alt=\"\" data-srcset=\"https:\/\/motacosta.pt\/wp-content\/uploads\/2026\/02\/depois-1-1024x648.jpg 1024w, https:\/\/motacosta.pt\/wp-content\/uploads\/2026\/02\/depois-1-300x190.jpg 300w, https:\/\/motacosta.pt\/wp-content\/uploads\/2026\/02\/depois-1-768x486.jpg 768w, https:\/\/motacosta.pt\/wp-content\/uploads\/2026\/02\/depois-1-1536x973.jpg 1536w, https:\/\/motacosta.pt\/wp-content\/uploads\/2026\/02\/depois-1-2048x1297.jpg 2048w\" data-sizes=\"(max-width: 800px) 100vw, 800px\" src=\"data:image\/svg+xml;base64,PHN2ZyB3aWR0aD0iMSIgaGVpZ2h0PSIxIiB4bWxucz0iaHR0cDovL3d3dy53My5vcmcvMjAwMC9zdmciPjwvc3ZnPg==\" style=\"--smush-placeholder-width: 800px; --smush-placeholder-aspect-ratio: 800\/506;\" \/>\t\t\t\t\t\t\t\t\t\t\t\t\t\t\t<\/div>\n\t\t\t\t<\/div>\n\t\t<div class=\"elementor-element elementor-element-5557d4a e-con-full e-flex magic-button-disabled-no e-con e-child\" data-id=\"5557d4a\" data-element_type=\"container\" data-e-type=\"container\">\n\t\t\t\t<div class=\"elementor-element elementor-element-2c3e025 elementor-widget elementor-widget-text-editor\" data-id=\"2c3e025\" data-element_type=\"widget\" data-e-type=\"widget\" data-widget_type=\"text-editor.default\">\n\t\t\t\t\t\t\t\t\t<h3 data-path-to-node=\"6\">2. Remodela\u00e7\u00e3o Integral e Reabilita\u00e7\u00e3o<\/h3><p data-path-to-node=\"7\"><span data-path-to-node=\"7,1\"><span class=\"citation-19\">A empresa especializa-se na <\/span><b data-path-to-node=\"7,1\" data-index-in-node=\"28\"><span class=\"citation-19\">compra de im\u00f3veis para remodela\u00e7\u00e3o profunda<\/span><\/b><span class=\"citation-19\">, devolvendo ao mercado habita\u00e7\u00f5es e espa\u00e7os comerciais totalmente modernizados<\/span><\/span><span data-path-to-node=\"7,3\">. <\/span><span data-path-to-node=\"7,5\"><span class=\"citation-18\">Esta vertente foca-se em elevar os padr\u00f5es de qualidade e responder \u00e0s crescentes necessidades de habita\u00e7\u00e3o a pre\u00e7os competitivos<\/span><\/span><span data-path-to-node=\"7,7\">.<\/span><\/p>\t\t\t\t\t\t\t\t<\/div>\n\t\t\t\t<\/div>\n\t\t\t\t\t<\/div>\n\t\t\t\t<\/div>\n\t\t<div class=\"elementor-element elementor-element-6212bf2 e-flex e-con-boxed magic-button-disabled-no e-con e-parent\" data-id=\"6212bf2\" data-element_type=\"container\" data-e-type=\"container\">\n\t\t\t\t\t<div class=\"e-con-inner\">\n\t\t<div class=\"elementor-element elementor-element-c846668 e-con-full e-flex magic-button-disabled-no e-con e-child\" data-id=\"c846668\" data-element_type=\"container\" data-e-type=\"container\">\n\t\t\t\t<div class=\"elementor-element elementor-element-b40d4c5 elementor-widget elementor-widget-text-editor\" data-id=\"b40d4c5\" data-element_type=\"widget\" data-e-type=\"widget\" data-widget_type=\"text-editor.default\">\n\t\t\t\t\t\t\t\t\t<h3 data-path-to-node=\"8\">3. Gest\u00e3o de Ativos e Arrendamento<\/h3><p data-path-to-node=\"9\"><span data-path-to-node=\"9,1\"><span class=\"citation-17\">A Mota Costa possui uma robusta carteira de ativos, centrando-se no mercado de arrendamento de longo prazo<\/span><\/span><span data-path-to-node=\"9,3\">.<\/span><\/p><ul data-path-to-node=\"10\"><li><p data-path-to-node=\"10,0,1\"><span data-path-to-node=\"10,0,1,0\"><b data-path-to-node=\"10,0,1,0\" data-index-in-node=\"0\"><span class=\"citation-16\">Habita\u00e7\u00e3o:<\/span><\/b><span class=\"citation-16\"> Gest\u00e3o de diversos im\u00f3veis destinados ao mercado residencial<\/span><\/span><span data-path-to-node=\"10,0,1,2\">.<\/span><\/p><\/li><li><p data-path-to-node=\"10,1,1\"><span data-path-to-node=\"10,1,1,0\"><b data-path-to-node=\"10,1,1,0\" data-index-in-node=\"0\"><span class=\"citation-15\">Com\u00e9rcio e Servi\u00e7os:<\/span><\/b><span class=\"citation-15\"> Det\u00e9m infraestruturas de grande dimens\u00e3o, como o <\/span><b data-path-to-node=\"10,1,1,0\" data-index-in-node=\"70\"><span class=\"citation-15\">Edif\u00edcio Mota Costa<\/span><\/b><span class=\"citation-15\"> em Santa Marta do Pinhal, que alberga 12 fra\u00e7\u00f5es destinadas a atividades t\u00e3o diversas como energias renov\u00e1veis ou com\u00e9rcio autom\u00f3vel<\/span><\/span><span data-path-to-node=\"10,1,1,2\">.<\/span><\/p><\/li><li><p data-path-to-node=\"10,2,1\"><span data-path-to-node=\"10,2,1,0\"><b data-path-to-node=\"10,2,1,0\" data-index-in-node=\"0\"><span class=\"citation-14\">Sa\u00fade:<\/span><\/b><span class=\"citation-14\"> A empresa encontra-se a finalizar a adapta\u00e7\u00e3o de espa\u00e7os para a instala\u00e7\u00e3o de uma <\/span><b data-path-to-node=\"10,2,1,0\" data-index-in-node=\"89\"><span class=\"citation-14\">cl\u00ednica de ortopedia<\/span><\/b><span class=\"citation-14\">, refor\u00e7ando a oferta de servi\u00e7os de proximidade \u00e0 popula\u00e7\u00e3o<\/span><\/span><span data-path-to-node=\"10,2,1,2\">.<\/span><\/p><\/li><\/ul>\t\t\t\t\t\t\t\t<\/div>\n\t\t\t\t<\/div>\n\t\t<div class=\"elementor-element elementor-element-5528f56 e-con-full e-flex magic-button-disabled-no e-con e-child\" data-id=\"5528f56\" data-element_type=\"container\" data-e-type=\"container\">\n\t\t\t\t<div class=\"elementor-element elementor-element-bd67e5c elementor-widget elementor-widget-image\" data-id=\"bd67e5c\" data-element_type=\"widget\" data-e-type=\"widget\" data-widget_type=\"image.default\">\n\t\t\t\t\t\t\t\t\t\t\t\t\t\t\t<img decoding=\"async\" width=\"800\" height=\"447\" data-src=\"https:\/\/motacosta.pt\/wp-content\/uploads\/2026\/02\/quinta-do-costa-1-1024x572.jpg\" class=\"attachment-large size-large wp-image-1114 lazyload\" alt=\"\" data-srcset=\"https:\/\/motacosta.pt\/wp-content\/uploads\/2026\/02\/quinta-do-costa-1-1024x572.jpg 1024w, https:\/\/motacosta.pt\/wp-content\/uploads\/2026\/02\/quinta-do-costa-1-300x167.jpg 300w, https:\/\/motacosta.pt\/wp-content\/uploads\/2026\/02\/quinta-do-costa-1-768x429.jpg 768w, https:\/\/motacosta.pt\/wp-content\/uploads\/2026\/02\/quinta-do-costa-1-1536x857.jpg 1536w, https:\/\/motacosta.pt\/wp-content\/uploads\/2026\/02\/quinta-do-costa-1-2048x1143.jpg 2048w\" data-sizes=\"(max-width: 800px) 100vw, 800px\" src=\"data:image\/svg+xml;base64,PHN2ZyB3aWR0aD0iMSIgaGVpZ2h0PSIxIiB4bWxucz0iaHR0cDovL3d3dy53My5vcmcvMjAwMC9zdmciPjwvc3ZnPg==\" style=\"--smush-placeholder-width: 800px; --smush-placeholder-aspect-ratio: 800\/447;\" \/>\t\t\t\t\t\t\t\t\t\t\t\t\t\t\t<\/div>\n\t\t\t\t<\/div>\n\t\t\t\t\t<\/div>\n\t\t\t\t<\/div>\n\t\t<div class=\"elementor-element elementor-element-ec5bb96 e-flex e-con-boxed magic-button-disabled-no e-con e-parent\" data-id=\"ec5bb96\" data-element_type=\"container\" data-e-type=\"container\">\n\t\t\t\t\t<div class=\"e-con-inner\">\n\t\t\t\t<div class=\"elementor-element elementor-element-8d2bf7f elementor-widget elementor-widget-text-editor\" data-id=\"8d2bf7f\" data-element_type=\"widget\" data-e-type=\"widget\" data-widget_type=\"text-editor.default\">\n\t\t\t\t\t\t\t\t\t<p data-path-to-node=\"14,1\"><span data-path-to-node=\"14,1,0\"><b data-path-to-node=\"14,1,0\" data-index-in-node=\"0\"><span class=\"citation-12\">Nota de Posicionamento:<\/span><\/b><span class=\"citation-12\"> A empresa distingue-se pelo seu conhecimento profundo do territ\u00f3rio de Corroios e pela capacidade de executar projetos que equilibram o desenvolvimento econ\u00f3mico com a qualidade de vida dos seus mais de 150 inquilinos e parceiros<\/span><\/span><span data-path-to-node=\"14,1,2\">.<\/span><\/p><div class=\"source-inline-chip-container ng-star-inserted\">\u00a0<\/div>\t\t\t\t\t\t\t\t<\/div>\n\t\t\t\t\t<\/div>\n\t\t\t\t<\/div>\n\t\t\t\t<\/div>\n\t\t","protected":false},"excerpt":{"rendered":"<p>MOTACOSTA INVESTIMENTOS IMOBILI\u00c1RIOS servi\u00e7os Com base na entrevista de Bruno Costa, gerente da Mota Costa Investimentos Imobili\u00e1rios, e no historial da empresa detalhado no Boletim Municipal de Corroios, aqui tem uma descri\u00e7\u00e3o completa e profissional da atividade para o seu novo site: Mota Costa Investimentos Imobili\u00e1rios: Solidez e Vis\u00e3o no Setor Imobili\u00e1rio A Mota Costa [&hellip;]<\/p>\n","protected":false},"author":1,"featured_media":0,"parent":0,"menu_order":0,"comment_status":"closed","ping_status":"closed","template":"elementor_header_footer","meta":{"footnotes":""},"class_list":["post-172","page","type-page","status-publish","hentry"],"_links":{"self":[{"href":"https:\/\/motacosta.pt\/index.php\/wp-json\/wp\/v2\/pages\/172","targetHints":{"allow":["GET"]}}],"collection":[{"href":"https:\/\/motacosta.pt\/index.php\/wp-json\/wp\/v2\/pages"}],"about":[{"href":"https:\/\/motacosta.pt\/index.php\/wp-json\/wp\/v2\/types\/page"}],"author":[{"embeddable":true,"href":"https:\/\/motacosta.pt\/index.php\/wp-json\/wp\/v2\/users\/1"}],"replies":[{"embeddable":true,"href":"https:\/\/motacosta.pt\/index.php\/wp-json\/wp\/v2\/comments?post=172"}],"version-history":[{"count":51,"href":"https:\/\/motacosta.pt\/index.php\/wp-json\/wp\/v2\/pages\/172\/revisions"}],"predecessor-version":[{"id":1688,"href":"https:\/\/motacosta.pt\/index.php\/wp-json\/wp\/v2\/pages\/172\/revisions\/1688"}],"wp:attachment":[{"href":"https:\/\/motacosta.pt\/index.php\/wp-json\/wp\/v2\/media?parent=172"}],"curies":[{"name":"wp","href":"https:\/\/api.w.org\/{rel}","templated":true}]}}