{"id":168,"date":"2026-01-27T10:23:52","date_gmt":"2026-01-27T10:23:52","guid":{"rendered":"https:\/\/motacosta.pt\/novosite\/?page_id=168"},"modified":"2026-02-18T14:49:46","modified_gmt":"2026-02-18T14:49:46","slug":"portfolio","status":"publish","type":"page","link":"https:\/\/motacosta.pt\/index.php\/portfolio\/","title":{"rendered":"Portef\u00f3lio"},"content":{"rendered":"\t\t<div data-elementor-type=\"wp-page\" data-elementor-id=\"168\" class=\"elementor elementor-168\" data-elementor-settings=\"{&quot;element_pack_global_tooltip_width&quot;:{&quot;unit&quot;:&quot;px&quot;,&quot;size&quot;:&quot;&quot;,&quot;sizes&quot;:[]},&quot;element_pack_global_tooltip_width_tablet&quot;:{&quot;unit&quot;:&quot;px&quot;,&quot;size&quot;:&quot;&quot;,&quot;sizes&quot;:[]},&quot;element_pack_global_tooltip_width_mobile&quot;:{&quot;unit&quot;:&quot;px&quot;,&quot;size&quot;:&quot;&quot;,&quot;sizes&quot;:[]},&quot;element_pack_global_tooltip_padding&quot;:{&quot;unit&quot;:&quot;px&quot;,&quot;top&quot;:&quot;&quot;,&quot;right&quot;:&quot;&quot;,&quot;bottom&quot;:&quot;&quot;,&quot;left&quot;:&quot;&quot;,&quot;isLinked&quot;:true},&quot;element_pack_global_tooltip_padding_tablet&quot;:{&quot;unit&quot;:&quot;px&quot;,&quot;top&quot;:&quot;&quot;,&quot;right&quot;:&quot;&quot;,&quot;bottom&quot;:&quot;&quot;,&quot;left&quot;:&quot;&quot;,&quot;isLinked&quot;:true},&quot;element_pack_global_tooltip_padding_mobile&quot;:{&quot;unit&quot;:&quot;px&quot;,&quot;top&quot;:&quot;&quot;,&quot;right&quot;:&quot;&quot;,&quot;bottom&quot;:&quot;&quot;,&quot;left&quot;:&quot;&quot;,&quot;isLinked&quot;:true},&quot;element_pack_global_tooltip_border_radius&quot;:{&quot;unit&quot;:&quot;px&quot;,&quot;top&quot;:&quot;&quot;,&quot;right&quot;:&quot;&quot;,&quot;bottom&quot;:&quot;&quot;,&quot;left&quot;:&quot;&quot;,&quot;isLinked&quot;:true},&quot;element_pack_global_tooltip_border_radius_tablet&quot;:{&quot;unit&quot;:&quot;px&quot;,&quot;top&quot;:&quot;&quot;,&quot;right&quot;:&quot;&quot;,&quot;bottom&quot;:&quot;&quot;,&quot;left&quot;:&quot;&quot;,&quot;isLinked&quot;:true},&quot;element_pack_global_tooltip_border_radius_mobile&quot;:{&quot;unit&quot;:&quot;px&quot;,&quot;top&quot;:&quot;&quot;,&quot;right&quot;:&quot;&quot;,&quot;bottom&quot;:&quot;&quot;,&quot;left&quot;:&quot;&quot;,&quot;isLinked&quot;:true}}\" data-elementor-post-type=\"page\">\n\t\t\t\t<div class=\"elementor-element elementor-element-1d84cbe e-flex e-con-boxed magic-button-disabled-no e-con e-parent\" data-id=\"1d84cbe\" data-element_type=\"container\" data-e-type=\"container\" data-settings=\"{&quot;background_background&quot;:&quot;classic&quot;}\">\n\t\t\t\t\t<div class=\"e-con-inner\">\n\t\t<div class=\"elementor-element elementor-element-2c197e0 e-con-full e-flex magic-button-disabled-no e-con e-child\" data-id=\"2c197e0\" data-element_type=\"container\" data-e-type=\"container\">\n\t\t\t\t<div class=\"elementor-element elementor-element-c93f8dd elementor-widget elementor-widget-heading\" data-id=\"c93f8dd\" data-element_type=\"widget\" data-e-type=\"widget\" data-widget_type=\"heading.default\">\n\t\t\t\t\t<h3 class=\"elementor-heading-title elementor-size-default\">MOTACOSTA INVESTIMENTOS IMOBILI\u00c1RIOS<\/h3>\t\t\t\t<\/div>\n\t\t\t\t<div class=\"elementor-element elementor-element-88e3d82 elementor-widget elementor-widget-heading\" data-id=\"88e3d82\" data-element_type=\"widget\" data-e-type=\"widget\" data-widget_type=\"heading.default\">\n\t\t\t\t\t<h1 class=\"elementor-heading-title elementor-size-default\">servi\u00e7os<\/h1>\t\t\t\t<\/div>\n\t\t\t\t<\/div>\n\t\t\t\t\t<\/div>\n\t\t\t\t<\/div>\n\t\t<div class=\"elementor-element elementor-element-672bb71 e-flex e-con-boxed magic-button-disabled-no e-con e-parent\" data-id=\"672bb71\" data-element_type=\"container\" data-e-type=\"container\">\n\t\t\t\t\t<div class=\"e-con-inner\">\n\t\t<div class=\"elementor-element elementor-element-feda353 e-con-full e-flex magic-button-disabled-no e-con e-child\" data-id=\"feda353\" data-element_type=\"container\" data-e-type=\"container\">\n\t\t\t\t<div class=\"elementor-element elementor-element-6b7a3e5 elementor-widget elementor-widget-image\" data-id=\"6b7a3e5\" data-element_type=\"widget\" data-e-type=\"widget\" data-widget_type=\"image.default\">\n\t\t\t\t\t\t\t\t\t\t\t\t\t\t\t<img fetchpriority=\"high\" decoding=\"async\" width=\"800\" height=\"298\" src=\"https:\/\/motacosta.pt\/wp-content\/uploads\/2026\/02\/logo-v2.png\" class=\"attachment-large size-large wp-image-383\" alt=\"\" srcset=\"https:\/\/motacosta.pt\/wp-content\/uploads\/2026\/02\/logo-v2.png 800w, https:\/\/motacosta.pt\/wp-content\/uploads\/2026\/02\/logo-v2-300x112.png 300w, https:\/\/motacosta.pt\/wp-content\/uploads\/2026\/02\/logo-v2-768x286.png 768w\" sizes=\"(max-width: 800px) 100vw, 800px\" \/>\t\t\t\t\t\t\t\t\t\t\t\t\t\t\t<\/div>\n\t\t\t\t<div class=\"elementor-element elementor-element-e644b91 elementor-widget elementor-widget-heading\" data-id=\"e644b91\" data-element_type=\"widget\" data-e-type=\"widget\" data-widget_type=\"heading.default\">\n\t\t\t\t\t<h2 class=\"elementor-heading-title elementor-size-default\">\u00daltimo Empreendimento<\/h2>\t\t\t\t<\/div>\n\t\t\t\t<div class=\"elementor-element elementor-element-8705a02 elementor-widget elementor-widget-text-editor\" data-id=\"8705a02\" data-element_type=\"widget\" data-e-type=\"widget\" data-widget_type=\"text-editor.default\">\n\t\t\t\t\t\t\t\t\t<p><span data-path-to-node=\"4,3\"><span class=\"citation-170\">Descubra um ref\u00fagio exclusivo desenhado para elevar o seu estilo de vida. <\/span><\/span><span data-path-to-node=\"4,6\"><span class=\"citation-169\">Com arquitetura contempor\u00e2nea e acabamentos de excel\u00eancia, as Vilas Valadares s\u00e3o o novo marco de luxo em Corroios, garantindo o equil\u00edbrio perfeito entre modernidade e tranquilidade. <\/span><\/span><\/p>\t\t\t\t\t\t\t\t<\/div>\n\t\t\t\t<div class=\"elementor-element elementor-element-b9108ba elementor-align-left elementor-tablet-align-center elementor-widget elementor-widget-button\" data-id=\"b9108ba\" data-element_type=\"widget\" data-e-type=\"widget\" data-widget_type=\"button.default\">\n\t\t\t\t\t\t\t\t\t\t<a class=\"elementor-button elementor-button-link elementor-size-sm\" href=\"https:\/\/motacosta.pt\/?taxonomy=elementor_library_type&#038;term=single\">\n\t\t\t\t\t\t<span class=\"elementor-button-content-wrapper\">\n\t\t\t\t\t\t\t\t\t<span class=\"elementor-button-text\">SABER MAIS<\/span>\n\t\t\t\t\t<\/span>\n\t\t\t\t\t<\/a>\n\t\t\t\t\t\t\t\t<\/div>\n\t\t\t\t<\/div>\n\t\t<div class=\"elementor-element elementor-element-a5e0da1 e-con-full e-flex magic-button-disabled-no e-con e-child\" data-id=\"a5e0da1\" data-element_type=\"container\" data-e-type=\"container\">\n\t\t\t\t<div class=\"elementor-element elementor-element-743b8cf elementor-widget elementor-widget-video\" data-id=\"743b8cf\" data-element_type=\"widget\" data-e-type=\"widget\" data-settings=\"{&quot;video_type&quot;:&quot;hosted&quot;,&quot;controls&quot;:&quot;yes&quot;}\" data-widget_type=\"video.default\">\n\t\t\t\t\t\t\t<div class=\"e-hosted-video elementor-wrapper elementor-open-inline\">\n\t\t\t\t\t<video class=\"elementor-video\" src=\"https:\/\/motacosta.pt\/wp-content\/uploads\/2026\/02\/vilas-valadares.mp4\" controls=\"\" preload=\"metadata\" controlsList=\"nodownload\"><\/video>\n\t\t\t\t<\/div>\n\t\t\t\t\t\t<\/div>\n\t\t\t\t<\/div>\n\t\t\t\t\t<\/div>\n\t\t\t\t<\/div>\n\t\t<div class=\"elementor-element elementor-element-5bfae4a e-flex e-con-boxed magic-button-disabled-no e-con e-parent\" data-id=\"5bfae4a\" data-element_type=\"container\" data-e-type=\"container\">\n\t\t\t\t\t<div class=\"e-con-inner\">\n\t\t<div class=\"elementor-element elementor-element-6141aec e-con-full e-flex magic-button-disabled-no e-con e-child\" data-id=\"6141aec\" data-element_type=\"container\" data-e-type=\"container\">\n\t\t<div class=\"elementor-element elementor-element-3a38dec e-flex e-con-boxed magic-button-disabled-no e-con e-child\" data-id=\"3a38dec\" data-element_type=\"container\" data-e-type=\"container\">\n\t\t\t\t\t<div class=\"e-con-inner\">\n\t\t\t\t<div class=\"elementor-element elementor-element-9c76203 elementor-widget elementor-widget-heading\" data-id=\"9c76203\" data-element_type=\"widget\" data-e-type=\"widget\" data-widget_type=\"heading.default\">\n\t\t\t\t\t<h3 class=\"elementor-heading-title elementor-size-default\">Motacosta Investimentos Imobili\u00e1rios<\/h3>\t\t\t\t<\/div>\n\t\t\t\t<div class=\"elementor-element elementor-element-522351a elementor-widget elementor-widget-heading\" data-id=\"522351a\" data-element_type=\"widget\" data-e-type=\"widget\" data-widget_type=\"heading.default\">\n\t\t\t\t\t<h2 class=\"elementor-heading-title elementor-size-default\">Projetos em Destaque<\/h2>\t\t\t\t<\/div>\n\t\t\t\t\t<\/div>\n\t\t\t\t<\/div>\n\t\t\t\t<div class=\"elementor-element elementor-element-f37e1e7 elementor-grid-2 elementor-grid-tablet-2 elementor-grid-mobile-1 elementor-posts--thumbnail-top elementor-widget elementor-widget-posts\" data-id=\"f37e1e7\" data-element_type=\"widget\" data-e-type=\"widget\" data-settings=\"{&quot;classic_columns&quot;:&quot;2&quot;,&quot;classic_row_gap&quot;:{&quot;unit&quot;:&quot;px&quot;,&quot;size&quot;:&quot;50&quot;,&quot;sizes&quot;:[]},&quot;classic_columns_tablet&quot;:&quot;2&quot;,&quot;classic_columns_mobile&quot;:&quot;1&quot;,&quot;classic_row_gap_tablet&quot;:{&quot;unit&quot;:&quot;px&quot;,&quot;size&quot;:&quot;&quot;,&quot;sizes&quot;:[]},&quot;classic_row_gap_mobile&quot;:{&quot;unit&quot;:&quot;px&quot;,&quot;size&quot;:&quot;&quot;,&quot;sizes&quot;:[]}}\" data-widget_type=\"posts.classic\">\n\t\t\t\t<div class=\"elementor-widget-container\">\n\t\t\t\t\t\t\t<div class=\"elementor-posts-container elementor-posts elementor-posts--skin-classic elementor-grid\" role=\"list\">\n\t\t\t\t<article class=\"elementor-post elementor-grid-item post-700 post type-post status-publish format-standard has-post-thumbnail hentry category-properties\" role=\"listitem\">\n\t\t\t\t<a class=\"elementor-post__thumbnail__link\" href=\"https:\/\/motacosta.pt\/index.php\/2026\/02\/19\/vila-valadares\/\" tabindex=\"-1\" >\n\t\t\t<div class=\"elementor-post__thumbnail\"><img decoding=\"async\" width=\"2560\" height=\"1440\" data-src=\"https:\/\/motacosta.pt\/wp-content\/uploads\/2026\/02\/Copia-de-Valadares_Lote-216-4-scaled.jpg\" class=\"attachment-full size-full wp-image-561 lazyload\" alt=\"\" data-srcset=\"https:\/\/motacosta.pt\/wp-content\/uploads\/2026\/02\/Copia-de-Valadares_Lote-216-4-scaled.jpg 2560w, https:\/\/motacosta.pt\/wp-content\/uploads\/2026\/02\/Copia-de-Valadares_Lote-216-4-300x169.jpg 300w, https:\/\/motacosta.pt\/wp-content\/uploads\/2026\/02\/Copia-de-Valadares_Lote-216-4-1024x576.jpg 1024w, https:\/\/motacosta.pt\/wp-content\/uploads\/2026\/02\/Copia-de-Valadares_Lote-216-4-768x432.jpg 768w, https:\/\/motacosta.pt\/wp-content\/uploads\/2026\/02\/Copia-de-Valadares_Lote-216-4-1536x864.jpg 1536w, https:\/\/motacosta.pt\/wp-content\/uploads\/2026\/02\/Copia-de-Valadares_Lote-216-4-2048x1152.jpg 2048w\" data-sizes=\"(max-width: 2560px) 100vw, 2560px\" src=\"data:image\/svg+xml;base64,PHN2ZyB3aWR0aD0iMSIgaGVpZ2h0PSIxIiB4bWxucz0iaHR0cDovL3d3dy53My5vcmcvMjAwMC9zdmciPjwvc3ZnPg==\" style=\"--smush-placeholder-width: 2560px; --smush-placeholder-aspect-ratio: 2560\/1440;\" \/><\/div>\n\t\t<\/a>\n\t\t\t\t<div class=\"elementor-post__text\">\n\t\t\t\t<h3 class=\"elementor-post__title\">\n\t\t\t<a href=\"https:\/\/motacosta.pt\/index.php\/2026\/02\/19\/vila-valadares\/\" >\n\t\t\t\tVila Valadares\t\t\t<\/a>\n\t\t<\/h3>\n\t\t\n\t\t<a class=\"elementor-post__read-more\" href=\"https:\/\/motacosta.pt\/index.php\/2026\/02\/19\/vila-valadares\/\" aria-label=\"Read more about Vila Valadares\" tabindex=\"-1\" >\n\t\t\tVer mais\t\t<\/a>\n\n\t\t\t\t<\/div>\n\t\t\t\t<\/article>\n\t\t\t\t<article class=\"elementor-post elementor-grid-item post-1269 post type-post status-publish format-standard has-post-thumbnail hentry category-properties\" role=\"listitem\">\n\t\t\t\t<a class=\"elementor-post__thumbnail__link\" href=\"https:\/\/motacosta.pt\/index.php\/2026\/02\/16\/fornalhas-novas\/\" tabindex=\"-1\" >\n\t\t\t<div class=\"elementor-post__thumbnail\"><img decoding=\"async\" width=\"1280\" height=\"720\" data-src=\"https:\/\/motacosta.pt\/wp-content\/uploads\/2026\/02\/Copia-de-PHOTO-2024-10-11-19-16-04-8-\u2013-grande.jpeg\" class=\"attachment-full size-full wp-image-1454 lazyload\" alt=\"\" data-srcset=\"https:\/\/motacosta.pt\/wp-content\/uploads\/2026\/02\/Copia-de-PHOTO-2024-10-11-19-16-04-8-\u2013-grande.jpeg 1280w, https:\/\/motacosta.pt\/wp-content\/uploads\/2026\/02\/Copia-de-PHOTO-2024-10-11-19-16-04-8-\u2013-grande-300x169.jpeg 300w, https:\/\/motacosta.pt\/wp-content\/uploads\/2026\/02\/Copia-de-PHOTO-2024-10-11-19-16-04-8-\u2013-grande-1024x576.jpeg 1024w, https:\/\/motacosta.pt\/wp-content\/uploads\/2026\/02\/Copia-de-PHOTO-2024-10-11-19-16-04-8-\u2013-grande-768x432.jpeg 768w\" data-sizes=\"(max-width: 1280px) 100vw, 1280px\" src=\"data:image\/svg+xml;base64,PHN2ZyB3aWR0aD0iMSIgaGVpZ2h0PSIxIiB4bWxucz0iaHR0cDovL3d3dy53My5vcmcvMjAwMC9zdmciPjwvc3ZnPg==\" style=\"--smush-placeholder-width: 1280px; --smush-placeholder-aspect-ratio: 1280\/720;\" \/><\/div>\n\t\t<\/a>\n\t\t\t\t<div class=\"elementor-post__text\">\n\t\t\t\t<h3 class=\"elementor-post__title\">\n\t\t\t<a href=\"https:\/\/motacosta.pt\/index.php\/2026\/02\/16\/fornalhas-novas\/\" >\n\t\t\t\tFornalhas Novas\t\t\t<\/a>\n\t\t<\/h3>\n\t\t\n\t\t<a class=\"elementor-post__read-more\" href=\"https:\/\/motacosta.pt\/index.php\/2026\/02\/16\/fornalhas-novas\/\" aria-label=\"Read more about Fornalhas Novas\" tabindex=\"-1\" >\n\t\t\tVer mais\t\t<\/a>\n\n\t\t\t\t<\/div>\n\t\t\t\t<\/article>\n\t\t\t\t<article class=\"elementor-post elementor-grid-item post-1181 post type-post status-publish format-standard has-post-thumbnail hentry category-properties\" role=\"listitem\">\n\t\t\t\t<a class=\"elementor-post__thumbnail__link\" href=\"https:\/\/motacosta.pt\/index.php\/2025\/02\/16\/rua-dom-francisco-manuel-de-melo\/\" tabindex=\"-1\" >\n\t\t\t<div class=\"elementor-post__thumbnail\"><img decoding=\"async\" width=\"1280\" height=\"591\" data-src=\"https:\/\/motacosta.pt\/wp-content\/uploads\/2026\/02\/Copia-de-4-\u2013-grande.jpeg\" class=\"attachment-full size-full wp-image-1189 lazyload\" alt=\"\" data-srcset=\"https:\/\/motacosta.pt\/wp-content\/uploads\/2026\/02\/Copia-de-4-\u2013-grande.jpeg 1280w, https:\/\/motacosta.pt\/wp-content\/uploads\/2026\/02\/Copia-de-4-\u2013-grande-300x139.jpeg 300w, https:\/\/motacosta.pt\/wp-content\/uploads\/2026\/02\/Copia-de-4-\u2013-grande-1024x473.jpeg 1024w, https:\/\/motacosta.pt\/wp-content\/uploads\/2026\/02\/Copia-de-4-\u2013-grande-768x355.jpeg 768w\" data-sizes=\"(max-width: 1280px) 100vw, 1280px\" src=\"data:image\/svg+xml;base64,PHN2ZyB3aWR0aD0iMSIgaGVpZ2h0PSIxIiB4bWxucz0iaHR0cDovL3d3dy53My5vcmcvMjAwMC9zdmciPjwvc3ZnPg==\" style=\"--smush-placeholder-width: 1280px; --smush-placeholder-aspect-ratio: 1280\/591;\" \/><\/div>\n\t\t<\/a>\n\t\t\t\t<div class=\"elementor-post__text\">\n\t\t\t\t<h3 class=\"elementor-post__title\">\n\t\t\t<a href=\"https:\/\/motacosta.pt\/index.php\/2025\/02\/16\/rua-dom-francisco-manuel-de-melo\/\" >\n\t\t\t\tRua Dom Francisco Manuel de Melo\t\t\t<\/a>\n\t\t<\/h3>\n\t\t\n\t\t<a class=\"elementor-post__read-more\" href=\"https:\/\/motacosta.pt\/index.php\/2025\/02\/16\/rua-dom-francisco-manuel-de-melo\/\" aria-label=\"Read more about Rua Dom Francisco Manuel de Melo\" tabindex=\"-1\" >\n\t\t\tVer mais\t\t<\/a>\n\n\t\t\t\t<\/div>\n\t\t\t\t<\/article>\n\t\t\t\t<article class=\"elementor-post elementor-grid-item post-757 post type-post status-publish format-standard has-post-thumbnail hentry category-properties\" role=\"listitem\">\n\t\t\t\t<a class=\"elementor-post__thumbnail__link\" href=\"https:\/\/motacosta.pt\/index.php\/2025\/02\/11\/clinica-lambert\/\" tabindex=\"-1\" >\n\t\t\t<div class=\"elementor-post__thumbnail\"><img decoding=\"async\" width=\"2200\" height=\"1467\" data-src=\"https:\/\/motacosta.pt\/wp-content\/uploads\/2026\/02\/IMG_7754.jpeg\" class=\"attachment-full size-full wp-image-844 lazyload\" alt=\"\" data-srcset=\"https:\/\/motacosta.pt\/wp-content\/uploads\/2026\/02\/IMG_7754.jpeg 2200w, https:\/\/motacosta.pt\/wp-content\/uploads\/2026\/02\/IMG_7754-300x200.jpeg 300w, https:\/\/motacosta.pt\/wp-content\/uploads\/2026\/02\/IMG_7754-1024x683.jpeg 1024w, https:\/\/motacosta.pt\/wp-content\/uploads\/2026\/02\/IMG_7754-768x512.jpeg 768w, https:\/\/motacosta.pt\/wp-content\/uploads\/2026\/02\/IMG_7754-1536x1024.jpeg 1536w, https:\/\/motacosta.pt\/wp-content\/uploads\/2026\/02\/IMG_7754-2048x1366.jpeg 2048w\" data-sizes=\"(max-width: 2200px) 100vw, 2200px\" src=\"data:image\/svg+xml;base64,PHN2ZyB3aWR0aD0iMSIgaGVpZ2h0PSIxIiB4bWxucz0iaHR0cDovL3d3dy53My5vcmcvMjAwMC9zdmciPjwvc3ZnPg==\" style=\"--smush-placeholder-width: 2200px; --smush-placeholder-aspect-ratio: 2200\/1467;\" \/><\/div>\n\t\t<\/a>\n\t\t\t\t<div class=\"elementor-post__text\">\n\t\t\t\t<h3 class=\"elementor-post__title\">\n\t\t\t<a href=\"https:\/\/motacosta.pt\/index.php\/2025\/02\/11\/clinica-lambert\/\" >\n\t\t\t\tCl\u00ednica Lambert\t\t\t<\/a>\n\t\t<\/h3>\n\t\t\n\t\t<a class=\"elementor-post__read-more\" href=\"https:\/\/motacosta.pt\/index.php\/2025\/02\/11\/clinica-lambert\/\" aria-label=\"Read more about Cl\u00ednica Lambert\" tabindex=\"-1\" >\n\t\t\tVer mais\t\t<\/a>\n\n\t\t\t\t<\/div>\n\t\t\t\t<\/article>\n\t\t\t\t<article class=\"elementor-post elementor-grid-item post-1076 post type-post status-publish format-standard has-post-thumbnail hentry category-properties\" role=\"listitem\">\n\t\t\t\t<a class=\"elementor-post__thumbnail__link\" href=\"https:\/\/motacosta.pt\/index.php\/2024\/02\/13\/quinta-do-costa\/\" tabindex=\"-1\" >\n\t\t\t<div class=\"elementor-post__thumbnail\"><img decoding=\"async\" width=\"2560\" height=\"1429\" data-src=\"https:\/\/motacosta.pt\/wp-content\/uploads\/2026\/02\/quinta-do-costa-1-scaled.jpg\" class=\"attachment-full size-full wp-image-1114 lazyload\" alt=\"\" data-srcset=\"https:\/\/motacosta.pt\/wp-content\/uploads\/2026\/02\/quinta-do-costa-1-scaled.jpg 2560w, https:\/\/motacosta.pt\/wp-content\/uploads\/2026\/02\/quinta-do-costa-1-300x167.jpg 300w, https:\/\/motacosta.pt\/wp-content\/uploads\/2026\/02\/quinta-do-costa-1-1024x572.jpg 1024w, https:\/\/motacosta.pt\/wp-content\/uploads\/2026\/02\/quinta-do-costa-1-768x429.jpg 768w, https:\/\/motacosta.pt\/wp-content\/uploads\/2026\/02\/quinta-do-costa-1-1536x857.jpg 1536w, https:\/\/motacosta.pt\/wp-content\/uploads\/2026\/02\/quinta-do-costa-1-2048x1143.jpg 2048w\" data-sizes=\"(max-width: 2560px) 100vw, 2560px\" src=\"data:image\/svg+xml;base64,PHN2ZyB3aWR0aD0iMSIgaGVpZ2h0PSIxIiB4bWxucz0iaHR0cDovL3d3dy53My5vcmcvMjAwMC9zdmciPjwvc3ZnPg==\" style=\"--smush-placeholder-width: 2560px; --smush-placeholder-aspect-ratio: 2560\/1429;\" \/><\/div>\n\t\t<\/a>\n\t\t\t\t<div class=\"elementor-post__text\">\n\t\t\t\t<h3 class=\"elementor-post__title\">\n\t\t\t<a href=\"https:\/\/motacosta.pt\/index.php\/2024\/02\/13\/quinta-do-costa\/\" >\n\t\t\t\tQuinta do Costa\t\t\t<\/a>\n\t\t<\/h3>\n\t\t\n\t\t<a class=\"elementor-post__read-more\" href=\"https:\/\/motacosta.pt\/index.php\/2024\/02\/13\/quinta-do-costa\/\" aria-label=\"Read more about Quinta do Costa\" tabindex=\"-1\" >\n\t\t\tVer mais\t\t<\/a>\n\n\t\t\t\t<\/div>\n\t\t\t\t<\/article>\n\t\t\t\t<article class=\"elementor-post elementor-grid-item post-939 post type-post status-publish format-standard has-post-thumbnail hentry category-properties\" role=\"listitem\">\n\t\t\t\t<a class=\"elementor-post__thumbnail__link\" href=\"https:\/\/motacosta.pt\/index.php\/2023\/02\/13\/edificio-mota-costa-2021-2\/\" tabindex=\"-1\" >\n\t\t\t<div class=\"elementor-post__thumbnail\"><img decoding=\"async\" width=\"943\" height=\"623\" data-src=\"https:\/\/motacosta.pt\/wp-content\/uploads\/2026\/02\/edificio-motacosta.jpg\" class=\"attachment-full size-full wp-image-994 lazyload\" alt=\"\" data-srcset=\"https:\/\/motacosta.pt\/wp-content\/uploads\/2026\/02\/edificio-motacosta.jpg 943w, https:\/\/motacosta.pt\/wp-content\/uploads\/2026\/02\/edificio-motacosta-300x198.jpg 300w, https:\/\/motacosta.pt\/wp-content\/uploads\/2026\/02\/edificio-motacosta-768x507.jpg 768w\" data-sizes=\"(max-width: 943px) 100vw, 943px\" src=\"data:image\/svg+xml;base64,PHN2ZyB3aWR0aD0iMSIgaGVpZ2h0PSIxIiB4bWxucz0iaHR0cDovL3d3dy53My5vcmcvMjAwMC9zdmciPjwvc3ZnPg==\" style=\"--smush-placeholder-width: 943px; --smush-placeholder-aspect-ratio: 943\/623;\" \/><\/div>\n\t\t<\/a>\n\t\t\t\t<div class=\"elementor-post__text\">\n\t\t\t\t<h3 class=\"elementor-post__title\">\n\t\t\t<a href=\"https:\/\/motacosta.pt\/index.php\/2023\/02\/13\/edificio-mota-costa-2021-2\/\" >\n\t\t\t\tEdif\u00edcio MOTACOSTA\t\t\t<\/a>\n\t\t<\/h3>\n\t\t\n\t\t<a class=\"elementor-post__read-more\" href=\"https:\/\/motacosta.pt\/index.php\/2023\/02\/13\/edificio-mota-costa-2021-2\/\" aria-label=\"Read more about Edif\u00edcio MOTACOSTA\" tabindex=\"-1\" >\n\t\t\tVer mais\t\t<\/a>\n\n\t\t\t\t<\/div>\n\t\t\t\t<\/article>\n\t\t\t\t<article class=\"elementor-post elementor-grid-item post-1267 post type-post status-publish format-standard has-post-thumbnail hentry category-properties\" role=\"listitem\">\n\t\t\t\t<a class=\"elementor-post__thumbnail__link\" href=\"https:\/\/motacosta.pt\/index.php\/2021\/02\/18\/rua-das-araucarias\/\" tabindex=\"-1\" >\n\t\t\t<div class=\"elementor-post__thumbnail\"><img decoding=\"async\" width=\"1920\" height=\"1080\" data-src=\"https:\/\/motacosta.pt\/wp-content\/uploads\/2026\/02\/Copia-de-4-1.jpg\" class=\"attachment-full size-full wp-image-1505 lazyload\" alt=\"\" data-srcset=\"https:\/\/motacosta.pt\/wp-content\/uploads\/2026\/02\/Copia-de-4-1.jpg 1920w, https:\/\/motacosta.pt\/wp-content\/uploads\/2026\/02\/Copia-de-4-1-300x169.jpg 300w, https:\/\/motacosta.pt\/wp-content\/uploads\/2026\/02\/Copia-de-4-1-1024x576.jpg 1024w, https:\/\/motacosta.pt\/wp-content\/uploads\/2026\/02\/Copia-de-4-1-768x432.jpg 768w, https:\/\/motacosta.pt\/wp-content\/uploads\/2026\/02\/Copia-de-4-1-1536x864.jpg 1536w\" data-sizes=\"(max-width: 1920px) 100vw, 1920px\" src=\"data:image\/svg+xml;base64,PHN2ZyB3aWR0aD0iMSIgaGVpZ2h0PSIxIiB4bWxucz0iaHR0cDovL3d3dy53My5vcmcvMjAwMC9zdmciPjwvc3ZnPg==\" style=\"--smush-placeholder-width: 1920px; --smush-placeholder-aspect-ratio: 1920\/1080;\" \/><\/div>\n\t\t<\/a>\n\t\t\t\t<div class=\"elementor-post__text\">\n\t\t\t\t<h3 class=\"elementor-post__title\">\n\t\t\t<a href=\"https:\/\/motacosta.pt\/index.php\/2021\/02\/18\/rua-das-araucarias\/\" >\n\t\t\t\tRua das Arauc\u00e1rias\t\t\t<\/a>\n\t\t<\/h3>\n\t\t\n\t\t<a class=\"elementor-post__read-more\" href=\"https:\/\/motacosta.pt\/index.php\/2021\/02\/18\/rua-das-araucarias\/\" aria-label=\"Read more about Rua das Arauc\u00e1rias\" tabindex=\"-1\" >\n\t\t\tVer mais\t\t<\/a>\n\n\t\t\t\t<\/div>\n\t\t\t\t<\/article>\n\t\t\t\t<article class=\"elementor-post elementor-grid-item post-1075 post type-post status-publish format-standard has-post-thumbnail hentry category-properties\" role=\"listitem\">\n\t\t\t\t<a class=\"elementor-post__thumbnail__link\" href=\"https:\/\/motacosta.pt\/index.php\/2019\/02\/16\/avenida-pinhal-vidal\/\" tabindex=\"-1\" >\n\t\t\t<div class=\"elementor-post__thumbnail\"><img decoding=\"async\" width=\"2260\" height=\"1431\" data-src=\"https:\/\/motacosta.pt\/wp-content\/uploads\/2026\/02\/depois-1.jpg\" class=\"attachment-full size-full wp-image-987 lazyload\" alt=\"\" data-srcset=\"https:\/\/motacosta.pt\/wp-content\/uploads\/2026\/02\/depois-1.jpg 2260w, https:\/\/motacosta.pt\/wp-content\/uploads\/2026\/02\/depois-1-300x190.jpg 300w, https:\/\/motacosta.pt\/wp-content\/uploads\/2026\/02\/depois-1-1024x648.jpg 1024w, https:\/\/motacosta.pt\/wp-content\/uploads\/2026\/02\/depois-1-768x486.jpg 768w, https:\/\/motacosta.pt\/wp-content\/uploads\/2026\/02\/depois-1-1536x973.jpg 1536w, https:\/\/motacosta.pt\/wp-content\/uploads\/2026\/02\/depois-1-2048x1297.jpg 2048w\" data-sizes=\"(max-width: 2260px) 100vw, 2260px\" src=\"data:image\/svg+xml;base64,PHN2ZyB3aWR0aD0iMSIgaGVpZ2h0PSIxIiB4bWxucz0iaHR0cDovL3d3dy53My5vcmcvMjAwMC9zdmciPjwvc3ZnPg==\" style=\"--smush-placeholder-width: 2260px; --smush-placeholder-aspect-ratio: 2260\/1431;\" \/><\/div>\n\t\t<\/a>\n\t\t\t\t<div class=\"elementor-post__text\">\n\t\t\t\t<h3 class=\"elementor-post__title\">\n\t\t\t<a href=\"https:\/\/motacosta.pt\/index.php\/2019\/02\/16\/avenida-pinhal-vidal\/\" >\n\t\t\t\tAvenida Pinhal Vidal\t\t\t<\/a>\n\t\t<\/h3>\n\t\t\n\t\t<a class=\"elementor-post__read-more\" href=\"https:\/\/motacosta.pt\/index.php\/2019\/02\/16\/avenida-pinhal-vidal\/\" aria-label=\"Read more about Avenida Pinhal Vidal\" tabindex=\"-1\" >\n\t\t\tVer mais\t\t<\/a>\n\n\t\t\t\t<\/div>\n\t\t\t\t<\/article>\n\t\t\t\t<\/div>\n\t\t\n\t\t\t\t\t\t<\/div>\n\t\t\t\t<\/div>\n\t\t\t\t<div class=\"elementor-element elementor-element-070261c elementor-align-center elementor-widget elementor-widget-button\" data-id=\"070261c\" data-element_type=\"widget\" data-e-type=\"widget\" data-widget_type=\"button.default\">\n\t\t\t\t\t\t\t\t\t\t<a class=\"elementor-button elementor-button-link elementor-size-sm\" href=\"https:\/\/motacosta.pt\/?taxonomy=elementor_library_type&#038;term=single\">\n\t\t\t\t\t\t<span class=\"elementor-button-content-wrapper\">\n\t\t\t\t\t\t\t\t\t<span class=\"elementor-button-text\">Explorar mais<\/span>\n\t\t\t\t\t<\/span>\n\t\t\t\t\t<\/a>\n\t\t\t\t\t\t\t\t<\/div>\n\t\t\t\t<\/div>\n\t\t\t\t\t<\/div>\n\t\t\t\t<\/div>\n\t\t\t\t<\/div>\n\t\t","protected":false},"excerpt":{"rendered":"<p>MOTACOSTA INVESTIMENTOS IMOBILI\u00c1RIOS servi\u00e7os \u00daltimo Empreendimento Descubra um ref\u00fagio exclusivo desenhado para elevar o seu estilo de vida. Com arquitetura contempor\u00e2nea e acabamentos de excel\u00eancia,<\/p>\n","protected":false},"author":1,"featured_media":0,"parent":0,"menu_order":0,"comment_status":"closed","ping_status":"closed","template":"elementor_header_footer","meta":{"footnotes":""},"class_list":["post-168","page","type-page","status-publish","hentry"],"_links":{"self":[{"href":"https:\/\/motacosta.pt\/index.php\/wp-json\/wp\/v2\/pages\/168","targetHints":{"allow":["GET"]}}],"collection":[{"href":"https:\/\/motacosta.pt\/index.php\/wp-json\/wp\/v2\/pages"}],"about":[{"href":"https:\/\/motacosta.pt\/index.php\/wp-json\/wp\/v2\/types\/page"}],"author":[{"embeddable":true,"href":"https:\/\/motacosta.pt\/index.php\/wp-json\/wp\/v2\/users\/1"}],"replies":[{"embeddable":true,"href":"https:\/\/motacosta.pt\/index.php\/wp-json\/wp\/v2\/comments?post=168"}],"version-history":[{"count":11,"href":"https:\/\/motacosta.pt\/index.php\/wp-json\/wp\/v2\/pages\/168\/revisions"}],"predecessor-version":[{"id":1350,"href":"https:\/\/motacosta.pt\/index.php\/wp-json\/wp\/v2\/pages\/168\/revisions\/1350"}],"wp:attachment":[{"href":"https:\/\/motacosta.pt\/index.php\/wp-json\/wp\/v2\/media?parent=168"}],"curies":[{"name":"wp","href":"https:\/\/api.w.org\/{rel}","templated":true}]}}