{"id":166,"date":"2026-01-27T10:23:13","date_gmt":"2026-01-27T10:23:13","guid":{"rendered":"https:\/\/motacosta.pt\/novosite\/?page_id=166"},"modified":"2026-02-23T17:46:23","modified_gmt":"2026-02-23T17:46:23","slug":"quem-somos","status":"publish","type":"page","link":"https:\/\/motacosta.pt\/index.php\/quem-somos\/","title":{"rendered":"Quem Somos"},"content":{"rendered":"\t\t<div data-elementor-type=\"wp-page\" data-elementor-id=\"166\" class=\"elementor elementor-166\" data-elementor-settings=\"{&quot;element_pack_global_tooltip_width&quot;:{&quot;unit&quot;:&quot;px&quot;,&quot;size&quot;:&quot;&quot;,&quot;sizes&quot;:[]},&quot;element_pack_global_tooltip_width_tablet&quot;:{&quot;unit&quot;:&quot;px&quot;,&quot;size&quot;:&quot;&quot;,&quot;sizes&quot;:[]},&quot;element_pack_global_tooltip_width_mobile&quot;:{&quot;unit&quot;:&quot;px&quot;,&quot;size&quot;:&quot;&quot;,&quot;sizes&quot;:[]},&quot;element_pack_global_tooltip_padding&quot;:{&quot;unit&quot;:&quot;px&quot;,&quot;top&quot;:&quot;&quot;,&quot;right&quot;:&quot;&quot;,&quot;bottom&quot;:&quot;&quot;,&quot;left&quot;:&quot;&quot;,&quot;isLinked&quot;:true},&quot;element_pack_global_tooltip_padding_tablet&quot;:{&quot;unit&quot;:&quot;px&quot;,&quot;top&quot;:&quot;&quot;,&quot;right&quot;:&quot;&quot;,&quot;bottom&quot;:&quot;&quot;,&quot;left&quot;:&quot;&quot;,&quot;isLinked&quot;:true},&quot;element_pack_global_tooltip_padding_mobile&quot;:{&quot;unit&quot;:&quot;px&quot;,&quot;top&quot;:&quot;&quot;,&quot;right&quot;:&quot;&quot;,&quot;bottom&quot;:&quot;&quot;,&quot;left&quot;:&quot;&quot;,&quot;isLinked&quot;:true},&quot;element_pack_global_tooltip_border_radius&quot;:{&quot;unit&quot;:&quot;px&quot;,&quot;top&quot;:&quot;&quot;,&quot;right&quot;:&quot;&quot;,&quot;bottom&quot;:&quot;&quot;,&quot;left&quot;:&quot;&quot;,&quot;isLinked&quot;:true},&quot;element_pack_global_tooltip_border_radius_tablet&quot;:{&quot;unit&quot;:&quot;px&quot;,&quot;top&quot;:&quot;&quot;,&quot;right&quot;:&quot;&quot;,&quot;bottom&quot;:&quot;&quot;,&quot;left&quot;:&quot;&quot;,&quot;isLinked&quot;:true},&quot;element_pack_global_tooltip_border_radius_mobile&quot;:{&quot;unit&quot;:&quot;px&quot;,&quot;top&quot;:&quot;&quot;,&quot;right&quot;:&quot;&quot;,&quot;bottom&quot;:&quot;&quot;,&quot;left&quot;:&quot;&quot;,&quot;isLinked&quot;:true}}\" data-elementor-post-type=\"page\">\n\t\t\t\t<div class=\"elementor-element elementor-element-aa7f6fb e-flex e-con-boxed magic-button-disabled-no e-con e-parent\" data-id=\"aa7f6fb\" data-element_type=\"container\" data-e-type=\"container\" data-settings=\"{&quot;background_background&quot;:&quot;classic&quot;}\">\n\t\t\t\t\t<div class=\"e-con-inner\">\n\t\t<div class=\"elementor-element elementor-element-96fcb06 e-con-full e-flex magic-button-disabled-no e-con e-child\" data-id=\"96fcb06\" data-element_type=\"container\" data-e-type=\"container\">\n\t\t\t\t<div class=\"elementor-element elementor-element-adab1e7 elementor-widget elementor-widget-heading\" data-id=\"adab1e7\" data-element_type=\"widget\" data-e-type=\"widget\" data-widget_type=\"heading.default\">\n\t\t\t\t\t<h3 class=\"elementor-heading-title elementor-size-default\">MOTACOSTA INVESTIMENTOS IMOBILI\u00c1RIOS<\/h3>\t\t\t\t<\/div>\n\t\t\t\t<div class=\"elementor-element elementor-element-ec19379 elementor-widget elementor-widget-heading\" data-id=\"ec19379\" data-element_type=\"widget\" data-e-type=\"widget\" data-widget_type=\"heading.default\">\n\t\t\t\t\t<h1 class=\"elementor-heading-title elementor-size-default\">QUEM SOMOS<\/h1>\t\t\t\t<\/div>\n\t\t\t\t<\/div>\n\t\t\t\t\t<\/div>\n\t\t\t\t<\/div>\n\t\t<div class=\"elementor-element elementor-element-4ac1957 e-flex e-con-boxed magic-button-disabled-no e-con e-parent\" data-id=\"4ac1957\" data-element_type=\"container\" data-e-type=\"container\">\n\t\t\t\t\t<div class=\"e-con-inner\">\n\t\t<div class=\"elementor-element elementor-element-8eb4a8c e-con-full e-flex magic-button-disabled-no e-con e-child\" data-id=\"8eb4a8c\" data-element_type=\"container\" data-e-type=\"container\">\n\t\t<div class=\"elementor-element elementor-element-b0d1216 e-flex e-con-boxed magic-button-disabled-no e-con e-child\" data-id=\"b0d1216\" data-element_type=\"container\" data-e-type=\"container\">\n\t\t\t\t\t<div class=\"e-con-inner\">\n\t\t\t\t<div class=\"elementor-element elementor-element-b827f3a elementor-widget elementor-widget-heading\" data-id=\"b827f3a\" data-element_type=\"widget\" data-e-type=\"widget\" data-widget_type=\"heading.default\">\n\t\t\t\t\t<h3 class=\"elementor-heading-title elementor-size-default\">Especialistas no Mercado<\/h3>\t\t\t\t<\/div>\n\t\t\t\t<div class=\"elementor-element elementor-element-c5a29a8 elementor-widget elementor-widget-heading\" data-id=\"c5a29a8\" data-element_type=\"widget\" data-e-type=\"widget\" data-widget_type=\"heading.default\">\n\t\t\t\t\t<h2 class=\"elementor-heading-title elementor-size-default\">33 Anos de Experi\u00eancia em Investimentos Imobili\u00e1rios<\/h2>\t\t\t\t<\/div>\n\t\t\t\t\t<\/div>\n\t\t\t\t<\/div>\n\t\t<div class=\"elementor-element elementor-element-cda3c17 e-con-full e-flex magic-button-disabled-no e-con e-child\" data-id=\"cda3c17\" data-element_type=\"container\" data-e-type=\"container\">\n\t\t<div class=\"elementor-element elementor-element-567fb19 e-con-full e-flex magic-button-disabled-no e-con e-child\" data-id=\"567fb19\" data-element_type=\"container\" data-e-type=\"container\">\n\t\t\t\t<div class=\"elementor-element elementor-element-ca27638 elementor-cta--skin-classic elementor-animated-content elementor-widget elementor-widget-call-to-action\" data-id=\"ca27638\" data-element_type=\"widget\" data-e-type=\"widget\" data-widget_type=\"call-to-action.default\">\n\t\t\t\t\t\t\t<div class=\"elementor-cta\">\n\t\t\t\t\t<div class=\"elementor-cta__bg-wrapper\">\n\t\t\t\t<div class=\"elementor-cta__bg elementor-bg lazyload\" style=\"background-image:inherit;\" role=\"img\" aria-label=\"20260220_155133\" data-bg-image=\"url(https:\/\/motacosta.pt\/wp-content\/uploads\/2026\/02\/20260220_155133-scaled.jpg)\"><\/div>\n\t\t\t\t<div class=\"elementor-cta__bg-overlay\"><\/div>\n\t\t\t<\/div>\n\t\t\t\t\t\t\t<div class=\"elementor-cta__content\">\n\t\t\t\t\n\t\t\t\t\t\t\t\t\t<h2 class=\"elementor-cta__title elementor-cta__content-item elementor-content-item\">\n\t\t\t\t\t\t\"Ter uma casa pr\u00f3pria \u00e9 a base da prosperidade, tanto pela solidez financeira como pela seguran\u00e7a emocional.\"\t\t\t\t\t<\/h2>\n\t\t\t\t\n\t\t\t\t\t\t\t\t\t<div class=\"elementor-cta__description elementor-cta__content-item elementor-content-item\">\n\t\t\t\t\t\tSuze Orman\n\t\t\t\t\t<\/div>\n\t\t\t\t\n\t\t\t\t\t\t\t<\/div>\n\t\t\t\t\t\t<\/div>\n\t\t\t\t\t\t<\/div>\n\t\t\t\t<\/div>\n\t\t<div class=\"elementor-element elementor-element-32088d8 e-con-full e-flex magic-button-disabled-no e-con e-child\" data-id=\"32088d8\" data-element_type=\"container\" data-e-type=\"container\">\n\t\t\t\t<div class=\"elementor-element elementor-element-683da00 elementor-widget elementor-widget-heading\" data-id=\"683da00\" data-element_type=\"widget\" data-e-type=\"widget\" data-widget_type=\"heading.default\">\n\t\t\t\t\t<h3 class=\"elementor-heading-title elementor-size-default\">Dom\u00ednio do Mercado<\/h3>\t\t\t\t<\/div>\n\t\t\t\t<div class=\"elementor-element elementor-element-16a7e9b elementor-widget elementor-widget-text-editor\" data-id=\"16a7e9b\" data-element_type=\"widget\" data-e-type=\"widget\" data-widget_type=\"text-editor.default\">\n\t\t\t\t\t\t\t\t\t<p><span data-path-to-node=\"5,0,1,0\"><span class=\"citation-102\">Conhecemos profundamente a regi\u00e3o de Corroios, o que nos permite identificar as melhores oportunidades de investimento e valoriza\u00e7\u00e3o imobili\u00e1ria<\/span><\/span><span data-path-to-node=\"5,0,1,2\">.<\/span><\/p>\t\t\t\t\t\t\t\t<\/div>\n\t\t\t\t<div class=\"elementor-element elementor-element-9f09c0e elementor-widget elementor-widget-spacer\" data-id=\"9f09c0e\" data-element_type=\"widget\" data-e-type=\"widget\" data-widget_type=\"spacer.default\">\n\t\t\t\t\t\t\t<div class=\"elementor-spacer\">\n\t\t\t<div class=\"elementor-spacer-inner\"><\/div>\n\t\t<\/div>\n\t\t\t\t\t\t<\/div>\n\t\t\t\t<div class=\"elementor-element elementor-element-a0c2324 elementor-widget elementor-widget-heading\" data-id=\"a0c2324\" data-element_type=\"widget\" data-e-type=\"widget\" data-widget_type=\"heading.default\">\n\t\t\t\t\t<h3 class=\"elementor-heading-title elementor-size-default\">Edificamos o seu Futuro<\/h3>\t\t\t\t<\/div>\n\t\t\t\t<div class=\"elementor-element elementor-element-a433e53 elementor-widget elementor-widget-text-editor\" data-id=\"a433e53\" data-element_type=\"widget\" data-e-type=\"widget\" data-widget_type=\"text-editor.default\">\n\t\t\t\t\t\t\t\t\t<p><span data-path-to-node=\"5,1,1,0\"><span class=\"citation-101\">Desde a habita\u00e7\u00e3o premium a espa\u00e7os comerciais, cada projeto \u00e9 constru\u00eddo com materiais de elite e um rigor t\u00e9cnico inabal\u00e1vel<\/span><\/span><span data-path-to-node=\"5,1,1,2\">.<\/span><\/p>\t\t\t\t\t\t\t\t<\/div>\n\t\t\t\t<div class=\"elementor-element elementor-element-8392750 elementor-widget elementor-widget-spacer\" data-id=\"8392750\" data-element_type=\"widget\" data-e-type=\"widget\" data-widget_type=\"spacer.default\">\n\t\t\t\t\t\t\t<div class=\"elementor-spacer\">\n\t\t\t<div class=\"elementor-spacer-inner\"><\/div>\n\t\t<\/div>\n\t\t\t\t\t\t<\/div>\n\t\t\t\t<div class=\"elementor-element elementor-element-1038d9a elementor-widget elementor-widget-heading\" data-id=\"1038d9a\" data-element_type=\"widget\" data-e-type=\"widget\" data-widget_type=\"heading.default\">\n\t\t\t\t\t<h3 class=\"elementor-heading-title elementor-size-default\">Compromisso com o Sucesso<\/h3>\t\t\t\t<\/div>\n\t\t\t\t<div class=\"elementor-element elementor-element-4ccfa58 elementor-widget elementor-widget-text-editor\" data-id=\"4ccfa58\" data-element_type=\"widget\" data-e-type=\"widget\" data-widget_type=\"text-editor.default\">\n\t\t\t\t\t\t\t\t\t<p><span data-path-to-node=\"5,2,1,0\"><span class=\"citation-100\">O nosso sucesso mede-se pela satisfa\u00e7\u00e3o dos nossos clientes e pelo impacto positivo que as nossas obras causam no territ\u00f3rio<\/span><\/span><span data-path-to-node=\"5,2,1,2\">.<\/span><\/p>\t\t\t\t\t\t\t\t<\/div>\n\t\t\t\t<\/div>\n\t\t\t\t<\/div>\n\t\t\t\t<\/div>\n\t\t\t\t\t<\/div>\n\t\t\t\t<\/div>\n\t\t<div class=\"elementor-element elementor-element-41d538a e-flex e-con-boxed magic-button-disabled-no e-con e-parent\" data-id=\"41d538a\" data-element_type=\"container\" data-e-type=\"container\" data-settings=\"{&quot;background_background&quot;:&quot;classic&quot;}\">\n\t\t\t\t\t<div class=\"e-con-inner\">\n\t\t\t\t<div class=\"elementor-element elementor-element-eb3090c elementor-widget elementor-widget-bdt-timeline\" data-id=\"eb3090c\" data-element_type=\"widget\" data-e-type=\"widget\" data-widget_type=\"bdt-timeline.default\">\n\t\t\t\t\t\t\t<div id=\"bdt-timeline-eb3090c\" class=\"bdt-timeline bdt-timeline-skin-default bdt-timeline-center\">\n\t\t\t<div class=\"bdt-grid bdt-grid-collapse\" bdt-grid>\n\t\t\t\t\n\n\t\t\t\t\t<div\n\t\t\t\t\t\tclass=\" bdt-width-1-2@m bdt-timeline-item left-part\">\n\n\t\t\t\t\t\t<div class=\"bdt-timeline-item-main-wrapper\">\n\t\t\t\t\t\t\t\t\t\t\t\t\t\t<div class=\"bdt-timeline-line\">\n\t\t\t\t\t\t\t\t<span  bdt-parallax=&quot;opacity: 0,1;viewport: 0.2;&quot;><\/span>\n\t\t\t\t\t\t\t<\/div>\n\t\t\t\t\t\t\t\t\t\t\t\t\t\t<div class=\"bdt-timeline-item-main-container\">\n\t\t\t\t\t\t\t\t\n\t\t\t\t\t\t\t\t\n\t\t\t\t\t\t\t\t<div class=\"bdt-timeline-icon\"  bdt-scrollspy=&quot;cls: bdt-animation-scale-up;&quot;>\n\n\t\t\t\t\t\t\t\t\t<span>\n\n\t\t\t\t\t\t\t\t\t\t\t\t\t\t\t\t\t\t\t\t\t<svg aria-hidden=\"true\" class=\"e-font-icon-svg e-fas-file-alt\" viewBox=\"0 0 384 512\" xmlns=\"http:\/\/www.w3.org\/2000\/svg\"><path d=\"M224 136V0H24C10.7 0 0 10.7 0 24v464c0 13.3 10.7 24 24 24h336c13.3 0 24-10.7 24-24V160H248c-13.2 0-24-10.8-24-24zm64 236c0 6.6-5.4 12-12 12H108c-6.6 0-12-5.4-12-12v-8c0-6.6 5.4-12 12-12h168c6.6 0 12 5.4 12 12v8zm0-64c0 6.6-5.4 12-12 12H108c-6.6 0-12-5.4-12-12v-8c0-6.6 5.4-12 12-12h168c6.6 0 12 5.4 12 12v8zm0-72v8c0 6.6-5.4 12-12 12H108c-6.6 0-12-5.4-12-12v-8c0-6.6 5.4-12 12-12h168c6.6 0 12 5.4 12 12zm96-114.1v6.1H256V0h6.1c6.4 0 12.5 2.5 17 7l97.9 98c4.5 4.5 7 10.6 7 16.9z\"><\/path><\/svg>\t\t\t\t\t\t\t\t\t\t\n\t\t\t\t\t\t\t\t\t<\/span>\n\n\t\t\t\t\t\t\t\t<\/div>\n\t\t\t\t\t\t\t\t\t\t<div class=\"bdt-timeline-item-main elementor-repeater-item-b04be41\"  bdt-parallax=\"opacity:0,1;x:-200,0;viewport: 0.5;\">\n\n\t\t\t\t\t\t\t<span class=\"bdt-timeline-arrow\"><\/span>\n\t\t\t\t\t\t\t\t\t\t<span class=\"bdt-timeline-arrow bdt-visible@m\"><\/span>\n\t\t\t\n\t\t\t\t\t\t<div class=\"bdt-timeline-thumbnail\">\n\t\t\t\t<img decoding=\"async\" data-src=\"https:\/\/motacosta.pt\/wp-content\/uploads\/2026\/02\/Logo-III.png\" alt=\"O In\u00edcio do Percurso\" src=\"data:image\/svg+xml;base64,PHN2ZyB3aWR0aD0iMSIgaGVpZ2h0PSIxIiB4bWxucz0iaHR0cDovL3d3dy53My5vcmcvMjAwMC9zdmciPjwvc3ZnPg==\" class=\"lazyload\" style=\"--smush-placeholder-width: 800px; --smush-placeholder-aspect-ratio: 800\/355;\">\n\t\t\t<\/div>\n\t\t\t\n\t\t\t<div class=\"bdt-timeline-desc\">\n\t\t\t\t\t\t<h4\t\t\tclass=\"bdt-timeline-title\">\n\t\t\t\t\t\t\t<a href=\"\" title=\"O In\u00edcio do Percurso\">\n\t\t\t\t\tO In\u00edcio do Percurso\t\t\t\t<\/a>\n\t\t\t\t\t<\/h4>\n\t\t\t\t\t\t\t\t\t<ul class=\"bdt-timeline-meta bdt-subnav bdt-flex-middle\">\n\t\t\t\t<li>\n\t\t\t\t\t1993\t\t\t\t<\/li>\n\t\t\t<\/ul>\n\t\t\t\t\t\t\t\t\t\t<div class=\"bdt-timeline-excerpt\">\n\t\t\t\t<p>Lan\u00e7amento da primeira atividade empresarial no setor dos materiais de constru\u00e7\u00e3o. Este foi o passo fundacional que permitiu adquirir o conhecimento t\u00e9cnico e a rede de fornecedores de elite que a empresa mant\u00e9m at\u00e9 hoje.<\/p>\t\t\t<\/div>\n\t\t\t\t\t\t\t\t\t\t<\/div>\n\t\t<\/div>\n\t\t\t\t\t\t\t\t\t<\/div>\n\t\t\t\t\t\t<\/div>\n\t\t\t\t\t<\/div>\n\n\t\t\t\t\t\t\t\t\t\t\t\t\t<div class=\"bdt-timeline-item bdt-width-1-2@m bdt-visible@m\">\n\t\t\t<div class=\"bdt-timeline-date bdt-text-\"  bdt-parallax=&quot;opacity: 0,1;x: 200,0;viewport: 0.5;&quot;>\n\t\t\t\t<span>\n\t\t\t\t\t1993\t\t\t\t<\/span>\n\t\t\t<\/div>\n\t\t<\/div>\n\t\t\t\t\t\t\t\n\t\t\t\t\t\t\t\t\t\t\t\t<div class=\"bdt-timeline-item bdt-width-1-2@m bdt-visible@m\">\n\t\t\t<div class=\"bdt-timeline-date bdt-text-right\"  bdt-parallax=&quot;opacity: 0,1;x: -200,0;viewport: 0.5;&quot;>\n\t\t\t\t<span>\n\t\t\t\t\t2005\t\t\t\t<\/span>\n\t\t\t<\/div>\n\t\t<\/div>\n\t\t\t\t\t\t\t\n\n\t\t\t\t\t<div\n\t\t\t\t\t\tclass=\" bdt-width-1-2@m bdt-timeline-item right-part\">\n\n\t\t\t\t\t\t<div class=\"bdt-timeline-item-main-wrapper\">\n\t\t\t\t\t\t\t\t\t\t\t\t\t\t<div class=\"bdt-timeline-line\">\n\t\t\t\t\t\t\t\t<span  bdt-parallax=&quot;opacity: 0,1;viewport: 0.2;&quot;><\/span>\n\t\t\t\t\t\t\t<\/div>\n\t\t\t\t\t\t\t\t\t\t\t\t\t\t<div class=\"bdt-timeline-item-main-container\">\n\t\t\t\t\t\t\t\t\n\t\t\t\t\t\t\t\t\n\t\t\t\t\t\t\t\t<div class=\"bdt-timeline-icon\"  bdt-scrollspy=&quot;cls: bdt-animation-scale-up;&quot;>\n\n\t\t\t\t\t\t\t\t\t<span>\n\n\t\t\t\t\t\t\t\t\t\t\t\t\t\t\t\t\t\t\t\t\t<svg aria-hidden=\"true\" class=\"e-font-icon-svg e-fas-file-alt\" viewBox=\"0 0 384 512\" xmlns=\"http:\/\/www.w3.org\/2000\/svg\"><path d=\"M224 136V0H24C10.7 0 0 10.7 0 24v464c0 13.3 10.7 24 24 24h336c13.3 0 24-10.7 24-24V160H248c-13.2 0-24-10.8-24-24zm64 236c0 6.6-5.4 12-12 12H108c-6.6 0-12-5.4-12-12v-8c0-6.6 5.4-12 12-12h168c6.6 0 12 5.4 12 12v8zm0-64c0 6.6-5.4 12-12 12H108c-6.6 0-12-5.4-12-12v-8c0-6.6 5.4-12 12-12h168c6.6 0 12 5.4 12 12v8zm0-72v8c0 6.6-5.4 12-12 12H108c-6.6 0-12-5.4-12-12v-8c0-6.6 5.4-12 12-12h168c6.6 0 12 5.4 12 12zm96-114.1v6.1H256V0h6.1c6.4 0 12.5 2.5 17 7l97.9 98c4.5 4.5 7 10.6 7 16.9z\"><\/path><\/svg>\t\t\t\t\t\t\t\t\t\t\n\t\t\t\t\t\t\t\t\t<\/span>\n\n\t\t\t\t\t\t\t\t<\/div>\n\t\t\t\t\t\t\t\t\t\t<div class=\"bdt-timeline-item-main elementor-repeater-item-f4c2e60\"  bdt-parallax=\"opacity:0,1;x:200,0;viewport: 0.5;\">\n\n\t\t\t\t\t\t\t<span class=\"bdt-timeline-arrow\"><\/span>\n\t\t\t\t\t\t\t\t\t\t<span class=\"bdt-timeline-arrow bdt-visible@m\"><\/span>\n\t\t\t\n\t\t\t\t\t\t<div class=\"bdt-timeline-thumbnail\">\n\t\t\t\t<img decoding=\"async\" data-src=\"https:\/\/motacosta.pt\/wp-content\/uploads\/2026\/02\/bjcosta.jpg\" alt=\"Funda\u00e7\u00e3o da BJ Costa Constru\u00e7\u00f5es\" src=\"data:image\/svg+xml;base64,PHN2ZyB3aWR0aD0iMSIgaGVpZ2h0PSIxIiB4bWxucz0iaHR0cDovL3d3dy53My5vcmcvMjAwMC9zdmciPjwvc3ZnPg==\" class=\"lazyload\" style=\"--smush-placeholder-width: 1200px; --smush-placeholder-aspect-ratio: 1200\/795;\">\n\t\t\t<\/div>\n\t\t\t\n\t\t\t<div class=\"bdt-timeline-desc\">\n\t\t\t\t\t\t<h4\t\t\tclass=\"bdt-timeline-title\">\n\t\t\t\t\t\t\t<a href=\"\" title=\"Funda\u00e7\u00e3o da BJ Costa Constru\u00e7\u00f5es\">\n\t\t\t\t\tFunda\u00e7\u00e3o da BJ Costa Constru\u00e7\u00f5es\t\t\t\t<\/a>\n\t\t\t\t\t<\/h4>\n\t\t\t\t\t\t\t\t\t<ul class=\"bdt-timeline-meta bdt-subnav bdt-flex-middle\">\n\t\t\t\t<li>\n\t\t\t\t\t2005\t\t\t\t<\/li>\n\t\t\t<\/ul>\n\t\t\t\t\t\t\t\t\t\t<div class=\"bdt-timeline-excerpt\">\n\t\t\t\t<p>Constitui\u00e7\u00e3o formal BJ Costa Constru\u00e7\u00f5es lda. Com o know adquirido dos materiais de constru\u00e7\u00e3o, a empresa foi criada com foco total na constru\u00e7\u00e3o habitacional e na remodela\u00e7\u00e3o.<\/p>\t\t\t<\/div>\n\t\t\t\t\t\t\t\t\t\t<\/div>\n\t\t<\/div>\n\t\t\t\t\t\t\t\t\t<\/div>\n\t\t\t\t\t\t<\/div>\n\t\t\t\t\t<\/div>\n\n\t\t\t\t\t\n\t\t\t\t\n\n\t\t\t\t\t<div\n\t\t\t\t\t\tclass=\" bdt-width-1-2@m bdt-timeline-item left-part\">\n\n\t\t\t\t\t\t<div class=\"bdt-timeline-item-main-wrapper\">\n\t\t\t\t\t\t\t\t\t\t\t\t\t\t<div class=\"bdt-timeline-line\">\n\t\t\t\t\t\t\t\t<span  bdt-parallax=&quot;opacity: 0,1;viewport: 0.2;&quot;><\/span>\n\t\t\t\t\t\t\t<\/div>\n\t\t\t\t\t\t\t\t\t\t\t\t\t\t<div class=\"bdt-timeline-item-main-container\">\n\t\t\t\t\t\t\t\t\n\t\t\t\t\t\t\t\t\n\t\t\t\t\t\t\t\t<div class=\"bdt-timeline-icon\"  bdt-scrollspy=&quot;cls: bdt-animation-scale-up;&quot;>\n\n\t\t\t\t\t\t\t\t\t<span>\n\n\t\t\t\t\t\t\t\t\t\t\t\t\t\t\t\t\t\t\t\t\t<svg aria-hidden=\"true\" class=\"e-font-icon-svg e-fas-file-alt\" viewBox=\"0 0 384 512\" xmlns=\"http:\/\/www.w3.org\/2000\/svg\"><path d=\"M224 136V0H24C10.7 0 0 10.7 0 24v464c0 13.3 10.7 24 24 24h336c13.3 0 24-10.7 24-24V160H248c-13.2 0-24-10.8-24-24zm64 236c0 6.6-5.4 12-12 12H108c-6.6 0-12-5.4-12-12v-8c0-6.6 5.4-12 12-12h168c6.6 0 12 5.4 12 12v8zm0-64c0 6.6-5.4 12-12 12H108c-6.6 0-12-5.4-12-12v-8c0-6.6 5.4-12 12-12h168c6.6 0 12 5.4 12 12v8zm0-72v8c0 6.6-5.4 12-12 12H108c-6.6 0-12-5.4-12-12v-8c0-6.6 5.4-12 12-12h168c6.6 0 12 5.4 12 12zm96-114.1v6.1H256V0h6.1c6.4 0 12.5 2.5 17 7l97.9 98c4.5 4.5 7 10.6 7 16.9z\"><\/path><\/svg>\t\t\t\t\t\t\t\t\t\t\n\t\t\t\t\t\t\t\t\t<\/span>\n\n\t\t\t\t\t\t\t\t<\/div>\n\t\t\t\t\t\t\t\t\t\t<div class=\"bdt-timeline-item-main elementor-repeater-item-aab0525\"  bdt-parallax=\"opacity:0,1;x:-200,0;viewport: 0.5;\">\n\n\t\t\t\t\t\t\t<span class=\"bdt-timeline-arrow\"><\/span>\n\t\t\t\t\t\t\t\t\t\t<span class=\"bdt-timeline-arrow bdt-visible@m\"><\/span>\n\t\t\t\n\t\t\t\t\t\t<div class=\"bdt-timeline-thumbnail\">\n\t\t\t\t<img decoding=\"async\" data-src=\"https:\/\/motacosta.pt\/wp-content\/uploads\/2026\/02\/motacosta-logo-fundo.jpg\" alt=\"Funda\u00e7\u00e3o da Mota Costa Investimentos\" src=\"data:image\/svg+xml;base64,PHN2ZyB3aWR0aD0iMSIgaGVpZ2h0PSIxIiB4bWxucz0iaHR0cDovL3d3dy53My5vcmcvMjAwMC9zdmciPjwvc3ZnPg==\" class=\"lazyload\" style=\"--smush-placeholder-width: 1000px; --smush-placeholder-aspect-ratio: 1000\/662;\">\n\t\t\t<\/div>\n\t\t\t\n\t\t\t<div class=\"bdt-timeline-desc\">\n\t\t\t\t\t\t<h4\t\t\tclass=\"bdt-timeline-title\">\n\t\t\t\t\t\t\t<a href=\"\" title=\"Funda\u00e7\u00e3o da Mota Costa Investimentos\">\n\t\t\t\t\tFunda\u00e7\u00e3o da Mota Costa Investimentos\t\t\t\t<\/a>\n\t\t\t\t\t<\/h4>\n\t\t\t\t\t\t\t\t\t<ul class=\"bdt-timeline-meta bdt-subnav bdt-flex-middle\">\n\t\t\t\t<li>\n\t\t\t\t\t2020\t\t\t\t<\/li>\n\t\t\t<\/ul>\n\t\t\t\t\t\t\t\t\t\t<div class=\"bdt-timeline-excerpt\">\n\t\t\t\t<p>Constitui\u00e7\u00e3o formal da Mota Costa Investimentos Imobili\u00e1rios Lda. Uma nova estrutura dedicada \u00e0 gest\u00e3o profissional de ativos e ao investimento imobili\u00e1rio de luxo, com sede pr\u00f3pria em Vale de Milha\u00e7os.<\/p>\t\t\t<\/div>\n\t\t\t\t\t\t\t\t\t\t<\/div>\n\t\t<\/div>\n\t\t\t\t\t\t\t\t\t<\/div>\n\t\t\t\t\t\t<\/div>\n\t\t\t\t\t<\/div>\n\n\t\t\t\t\t\t\t\t\t\t\t\t\t<div class=\"bdt-timeline-item bdt-width-1-2@m bdt-visible@m\">\n\t\t\t<div class=\"bdt-timeline-date bdt-text-\"  bdt-parallax=&quot;opacity: 0,1;x: 200,0;viewport: 0.5;&quot;>\n\t\t\t\t<span>\n\t\t\t\t\t2020\t\t\t\t<\/span>\n\t\t\t<\/div>\n\t\t<\/div>\n\t\t\t\t\t\t\t\n\t\t\t\t\t\t\t\t\t\t\t\t<div class=\"bdt-timeline-item bdt-width-1-2@m bdt-visible@m\">\n\t\t\t<div class=\"bdt-timeline-date bdt-text-right\"  bdt-parallax=&quot;opacity: 0,1;x: -200,0;viewport: 0.5;&quot;>\n\t\t\t\t<span>\n\t\t\t\t\t2019\t\t\t\t<\/span>\n\t\t\t<\/div>\n\t\t<\/div>\n\t\t\t\t\t\t\t\n\n\t\t\t\t\t<div\n\t\t\t\t\t\tclass=\" bdt-width-1-2@m bdt-timeline-item right-part\">\n\n\t\t\t\t\t\t<div class=\"bdt-timeline-item-main-wrapper\">\n\t\t\t\t\t\t\t\t\t\t\t\t\t\t<div class=\"bdt-timeline-line\">\n\t\t\t\t\t\t\t\t<span  bdt-parallax=&quot;opacity: 0,1;viewport: 0.2;&quot;><\/span>\n\t\t\t\t\t\t\t<\/div>\n\t\t\t\t\t\t\t\t\t\t\t\t\t\t<div class=\"bdt-timeline-item-main-container\">\n\t\t\t\t\t\t\t\t\n\t\t\t\t\t\t\t\t\n\t\t\t\t\t\t\t\t<div class=\"bdt-timeline-icon\"  bdt-scrollspy=&quot;cls: bdt-animation-scale-up;&quot;>\n\n\t\t\t\t\t\t\t\t\t<span>\n\n\t\t\t\t\t\t\t\t\t\t\t\t\t\t\t\t\t\t\t\t\t<svg aria-hidden=\"true\" class=\"e-font-icon-svg e-fas-file-alt\" viewBox=\"0 0 384 512\" xmlns=\"http:\/\/www.w3.org\/2000\/svg\"><path d=\"M224 136V0H24C10.7 0 0 10.7 0 24v464c0 13.3 10.7 24 24 24h336c13.3 0 24-10.7 24-24V160H248c-13.2 0-24-10.8-24-24zm64 236c0 6.6-5.4 12-12 12H108c-6.6 0-12-5.4-12-12v-8c0-6.6 5.4-12 12-12h168c6.6 0 12 5.4 12 12v8zm0-64c0 6.6-5.4 12-12 12H108c-6.6 0-12-5.4-12-12v-8c0-6.6 5.4-12 12-12h168c6.6 0 12 5.4 12 12v8zm0-72v8c0 6.6-5.4 12-12 12H108c-6.6 0-12-5.4-12-12v-8c0-6.6 5.4-12 12-12h168c6.6 0 12 5.4 12 12zm96-114.1v6.1H256V0h6.1c6.4 0 12.5 2.5 17 7l97.9 98c4.5 4.5 7 10.6 7 16.9z\"><\/path><\/svg>\t\t\t\t\t\t\t\t\t\t\n\t\t\t\t\t\t\t\t\t<\/span>\n\n\t\t\t\t\t\t\t\t<\/div>\n\t\t\t\t\t\t\t\t\t\t<div class=\"bdt-timeline-item-main elementor-repeater-item-b46fab0\"  bdt-parallax=\"opacity:0,1;x:200,0;viewport: 0.5;\">\n\n\t\t\t\t\t\t\t<span class=\"bdt-timeline-arrow\"><\/span>\n\t\t\t\t\t\t\t\t\t\t<span class=\"bdt-timeline-arrow bdt-visible@m\"><\/span>\n\t\t\t\n\t\t\t\t\t\t<div class=\"bdt-timeline-thumbnail\">\n\t\t\t\t<img decoding=\"async\" data-src=\"https:\/\/motacosta.pt\/wp-content\/uploads\/2026\/02\/depois-1.jpg\" alt=\"Avenida Pinhal Vidal\" src=\"data:image\/svg+xml;base64,PHN2ZyB3aWR0aD0iMSIgaGVpZ2h0PSIxIiB4bWxucz0iaHR0cDovL3d3dy53My5vcmcvMjAwMC9zdmciPjwvc3ZnPg==\" class=\"lazyload\" style=\"--smush-placeholder-width: 2260px; --smush-placeholder-aspect-ratio: 2260\/1431;\">\n\t\t\t<\/div>\n\t\t\t\n\t\t\t<div class=\"bdt-timeline-desc\">\n\t\t\t\t\t\t<h4\t\t\tclass=\"bdt-timeline-title\">\n\t\t\t\t\t\t\t<a href=\"\" title=\"Avenida Pinhal Vidal\">\n\t\t\t\t\tAvenida Pinhal Vidal\t\t\t\t<\/a>\n\t\t\t\t\t<\/h4>\n\t\t\t\t\t\t\t\t\t<ul class=\"bdt-timeline-meta bdt-subnav bdt-flex-middle\">\n\t\t\t\t<li>\n\t\t\t\t\t2019\t\t\t\t<\/li>\n\t\t\t<\/ul>\n\t\t\t\t\t\t\t\t\t\t<div class=\"bdt-timeline-excerpt\">\n\t\t\t\t<p>Este projeto ic\u00f3nico representa a ess\u00eancia do nosso trabalho de reabilita\u00e7\u00e3o integral, onde transform\u00e1mos uma constru\u00e7\u00e3o prec\u00e1ria e degradada numa moradia contempor\u00e2nea de alto padr\u00e3o. Com um foco absoluto no rigor estrutural e no design funcional, a Mota Costa utilizou materiais de elite para garantir que a nova habita\u00e7\u00e3o superasse todos os padr\u00f5es modernos de conforto e efici\u00eancia.\u00a0<\/p>\t\t\t<\/div>\n\t\t\t\t\t\t\t\t\t\t<\/div>\n\t\t<\/div>\n\t\t\t\t\t\t\t\t\t<\/div>\n\t\t\t\t\t\t<\/div>\n\t\t\t\t\t<\/div>\n\n\t\t\t\t\t\n\t\t\t\t\n\n\t\t\t\t\t<div\n\t\t\t\t\t\tclass=\" bdt-width-1-2@m bdt-timeline-item left-part\">\n\n\t\t\t\t\t\t<div class=\"bdt-timeline-item-main-wrapper\">\n\t\t\t\t\t\t\t\t\t\t\t\t\t\t<div class=\"bdt-timeline-line\">\n\t\t\t\t\t\t\t\t<span  bdt-parallax=&quot;opacity: 0,1;viewport: 0.2;&quot;><\/span>\n\t\t\t\t\t\t\t<\/div>\n\t\t\t\t\t\t\t\t\t\t\t\t\t\t<div class=\"bdt-timeline-item-main-container\">\n\t\t\t\t\t\t\t\t\n\t\t\t\t\t\t\t\t\n\t\t\t\t\t\t\t\t<div class=\"bdt-timeline-icon\"  bdt-scrollspy=&quot;cls: bdt-animation-scale-up;&quot;>\n\n\t\t\t\t\t\t\t\t\t<span>\n\n\t\t\t\t\t\t\t\t\t\t\t\t\t\t\t\t\t\t\t\t\t<svg aria-hidden=\"true\" class=\"e-font-icon-svg e-fas-file-alt\" viewBox=\"0 0 384 512\" xmlns=\"http:\/\/www.w3.org\/2000\/svg\"><path d=\"M224 136V0H24C10.7 0 0 10.7 0 24v464c0 13.3 10.7 24 24 24h336c13.3 0 24-10.7 24-24V160H248c-13.2 0-24-10.8-24-24zm64 236c0 6.6-5.4 12-12 12H108c-6.6 0-12-5.4-12-12v-8c0-6.6 5.4-12 12-12h168c6.6 0 12 5.4 12 12v8zm0-64c0 6.6-5.4 12-12 12H108c-6.6 0-12-5.4-12-12v-8c0-6.6 5.4-12 12-12h168c6.6 0 12 5.4 12 12v8zm0-72v8c0 6.6-5.4 12-12 12H108c-6.6 0-12-5.4-12-12v-8c0-6.6 5.4-12 12-12h168c6.6 0 12 5.4 12 12zm96-114.1v6.1H256V0h6.1c6.4 0 12.5 2.5 17 7l97.9 98c4.5 4.5 7 10.6 7 16.9z\"><\/path><\/svg>\t\t\t\t\t\t\t\t\t\t\n\t\t\t\t\t\t\t\t\t<\/span>\n\n\t\t\t\t\t\t\t\t<\/div>\n\t\t\t\t\t\t\t\t\t\t<div class=\"bdt-timeline-item-main elementor-repeater-item-ecfbdb9\"  bdt-parallax=\"opacity:0,1;x:-200,0;viewport: 0.5;\">\n\n\t\t\t\t\t\t\t<span class=\"bdt-timeline-arrow\"><\/span>\n\t\t\t\t\t\t\t\t\t\t<span class=\"bdt-timeline-arrow bdt-visible@m\"><\/span>\n\t\t\t\n\t\t\t\t\t\t<div class=\"bdt-timeline-thumbnail\">\n\t\t\t\t<img decoding=\"async\" data-src=\"https:\/\/motacosta.pt\/wp-content\/uploads\/2026\/02\/Copia-de-4.jpg\" alt=\"Rua da Arauc\u00e1rias \" src=\"data:image\/svg+xml;base64,PHN2ZyB3aWR0aD0iMSIgaGVpZ2h0PSIxIiB4bWxucz0iaHR0cDovL3d3dy53My5vcmcvMjAwMC9zdmciPjwvc3ZnPg==\" class=\"lazyload\" style=\"--smush-placeholder-width: 1920px; --smush-placeholder-aspect-ratio: 1920\/1080;\">\n\t\t\t<\/div>\n\t\t\t\n\t\t\t<div class=\"bdt-timeline-desc\">\n\t\t\t\t\t\t<h4\t\t\tclass=\"bdt-timeline-title\">\n\t\t\t\t\t\t\t<a href=\"\" title=\"Rua da Arauc\u00e1rias \">\n\t\t\t\t\tRua da Arauc\u00e1rias \t\t\t\t<\/a>\n\t\t\t\t\t<\/h4>\n\t\t\t\t\t\t\t\t\t<ul class=\"bdt-timeline-meta bdt-subnav bdt-flex-middle\">\n\t\t\t\t<li>\n\t\t\t\t\t2020\t\t\t\t<\/li>\n\t\t\t<\/ul>\n\t\t\t\t\t\t\t\t\t\t<div class=\"bdt-timeline-excerpt\">\n\t\t\t\t<p>Localizado no cora\u00e7\u00e3o do <b data-path-to-node=\"3\" data-index-in-node=\"25\">Pinhal Vidal, em Corroios<\/b>, este projeto de constru\u00e7\u00e3o de raiz consiste num conjunto exclusivo de <b data-path-to-node=\"3\" data-index-in-node=\"122\">quatro moradias geminadas<\/b> que v\u00eam elevar o padr\u00e3o arquitet\u00f3nico da zona. Com um design contempor\u00e2neo e sim\u00e9trico, a Mota Costa projetou cada fra\u00e7\u00e3o para oferecer a m\u00e1xima privacidade e funcionalidade.<\/p>\t\t\t<\/div>\n\t\t\t\t\t\t\t\t\t\t<\/div>\n\t\t<\/div>\n\t\t\t\t\t\t\t\t\t<\/div>\n\t\t\t\t\t\t<\/div>\n\t\t\t\t\t<\/div>\n\n\t\t\t\t\t\t\t\t\t\t\t\t\t<div class=\"bdt-timeline-item bdt-width-1-2@m bdt-visible@m\">\n\t\t\t<div class=\"bdt-timeline-date bdt-text-\"  bdt-parallax=&quot;opacity: 0,1;x: 200,0;viewport: 0.5;&quot;>\n\t\t\t\t<span>\n\t\t\t\t\t2020\t\t\t\t<\/span>\n\t\t\t<\/div>\n\t\t<\/div>\n\t\t\t\t\t\t\t\n\t\t\t\t\t\t\t\t\t\t\t\t<div class=\"bdt-timeline-item bdt-width-1-2@m bdt-visible@m\">\n\t\t\t<div class=\"bdt-timeline-date bdt-text-right\"  bdt-parallax=&quot;opacity: 0,1;x: -200,0;viewport: 0.5;&quot;>\n\t\t\t\t<span>\n\t\t\t\t\t2021\/2022\t\t\t\t<\/span>\n\t\t\t<\/div>\n\t\t<\/div>\n\t\t\t\t\t\t\t\n\n\t\t\t\t\t<div\n\t\t\t\t\t\tclass=\" bdt-width-1-2@m bdt-timeline-item right-part\">\n\n\t\t\t\t\t\t<div class=\"bdt-timeline-item-main-wrapper\">\n\t\t\t\t\t\t\t\t\t\t\t\t\t\t<div class=\"bdt-timeline-line\">\n\t\t\t\t\t\t\t\t<span  bdt-parallax=&quot;opacity: 0,1;viewport: 0.2;&quot;><\/span>\n\t\t\t\t\t\t\t<\/div>\n\t\t\t\t\t\t\t\t\t\t\t\t\t\t<div class=\"bdt-timeline-item-main-container\">\n\t\t\t\t\t\t\t\t\n\t\t\t\t\t\t\t\t\n\t\t\t\t\t\t\t\t<div class=\"bdt-timeline-icon\"  bdt-scrollspy=&quot;cls: bdt-animation-scale-up;&quot;>\n\n\t\t\t\t\t\t\t\t\t<span>\n\n\t\t\t\t\t\t\t\t\t\t\t\t\t\t\t\t\t\t\t\t\t<svg aria-hidden=\"true\" class=\"e-font-icon-svg e-fas-file-alt\" viewBox=\"0 0 384 512\" xmlns=\"http:\/\/www.w3.org\/2000\/svg\"><path d=\"M224 136V0H24C10.7 0 0 10.7 0 24v464c0 13.3 10.7 24 24 24h336c13.3 0 24-10.7 24-24V160H248c-13.2 0-24-10.8-24-24zm64 236c0 6.6-5.4 12-12 12H108c-6.6 0-12-5.4-12-12v-8c0-6.6 5.4-12 12-12h168c6.6 0 12 5.4 12 12v8zm0-64c0 6.6-5.4 12-12 12H108c-6.6 0-12-5.4-12-12v-8c0-6.6 5.4-12 12-12h168c6.6 0 12 5.4 12 12v8zm0-72v8c0 6.6-5.4 12-12 12H108c-6.6 0-12-5.4-12-12v-8c0-6.6 5.4-12 12-12h168c6.6 0 12 5.4 12 12zm96-114.1v6.1H256V0h6.1c6.4 0 12.5 2.5 17 7l97.9 98c4.5 4.5 7 10.6 7 16.9z\"><\/path><\/svg>\t\t\t\t\t\t\t\t\t\t\n\t\t\t\t\t\t\t\t\t<\/span>\n\n\t\t\t\t\t\t\t\t<\/div>\n\t\t\t\t\t\t\t\t\t\t<div class=\"bdt-timeline-item-main elementor-repeater-item-f742b4b\"  bdt-parallax=\"opacity:0,1;x:200,0;viewport: 0.5;\">\n\n\t\t\t\t\t\t\t<span class=\"bdt-timeline-arrow\"><\/span>\n\t\t\t\t\t\t\t\t\t\t<span class=\"bdt-timeline-arrow bdt-visible@m\"><\/span>\n\t\t\t\n\t\t\t\t\t\t<div class=\"bdt-timeline-thumbnail\">\n\t\t\t\t<img decoding=\"async\" data-src=\"https:\/\/motacosta.pt\/wp-content\/uploads\/2026\/02\/edificio-motacosta.jpg\" alt=\"Edif\u00edcio Motacosta\" src=\"data:image\/svg+xml;base64,PHN2ZyB3aWR0aD0iMSIgaGVpZ2h0PSIxIiB4bWxucz0iaHR0cDovL3d3dy53My5vcmcvMjAwMC9zdmciPjwvc3ZnPg==\" class=\"lazyload\" style=\"--smush-placeholder-width: 943px; --smush-placeholder-aspect-ratio: 943\/623;\">\n\t\t\t<\/div>\n\t\t\t\n\t\t\t<div class=\"bdt-timeline-desc\">\n\t\t\t\t\t\t<h4\t\t\tclass=\"bdt-timeline-title\">\n\t\t\t\t\t\t\t<a href=\"\" title=\"Edif\u00edcio Motacosta\">\n\t\t\t\t\tEdif\u00edcio Motacosta\t\t\t\t<\/a>\n\t\t\t\t\t<\/h4>\n\t\t\t\t\t\t\t\t\t<ul class=\"bdt-timeline-meta bdt-subnav bdt-flex-middle\">\n\t\t\t\t<li>\n\t\t\t\t\t2021\/2022\t\t\t\t<\/li>\n\t\t\t<\/ul>\n\t\t\t\t\t\t\t\t\t\t<div class=\"bdt-timeline-excerpt\">\n\t\t\t\t<p><b data-path-to-node=\"1\" data-index-in-node=\"0\">2023 \u2013 Edif\u00edcio Mota Costa: Um Marco Empresarial<\/b> Localizado estrategicamente em Santa Marta do Pinhal, este edif\u00edcio representa a nossa vis\u00e3o de suporte ao tecido econ\u00f3mico local. Composto por doze fra\u00e7\u00f5es modernas, o Edif\u00edcio Mota Costa acolhe atualmente uma diversidade de atividades, desde empresas de energias renov\u00e1veis a com\u00e9rcio autom\u00f3vel.\u00a0<\/p>\t\t\t<\/div>\n\t\t\t\t\t\t\t\t\t\t<\/div>\n\t\t<\/div>\n\t\t\t\t\t\t\t\t\t<\/div>\n\t\t\t\t\t\t<\/div>\n\t\t\t\t\t<\/div>\n\n\t\t\t\t\t\n\t\t\t\t\n\n\t\t\t\t\t<div\n\t\t\t\t\t\tclass=\" bdt-width-1-2@m bdt-timeline-item left-part\">\n\n\t\t\t\t\t\t<div class=\"bdt-timeline-item-main-wrapper\">\n\t\t\t\t\t\t\t\t\t\t\t\t\t\t<div class=\"bdt-timeline-line\">\n\t\t\t\t\t\t\t\t<span  bdt-parallax=&quot;opacity: 0,1;viewport: 0.2;&quot;><\/span>\n\t\t\t\t\t\t\t<\/div>\n\t\t\t\t\t\t\t\t\t\t\t\t\t\t<div class=\"bdt-timeline-item-main-container\">\n\t\t\t\t\t\t\t\t\n\t\t\t\t\t\t\t\t\n\t\t\t\t\t\t\t\t<div class=\"bdt-timeline-icon\"  bdt-scrollspy=&quot;cls: bdt-animation-scale-up;&quot;>\n\n\t\t\t\t\t\t\t\t\t<span>\n\n\t\t\t\t\t\t\t\t\t\t\t\t\t\t\t\t\t\t\t\t\t<svg aria-hidden=\"true\" class=\"e-font-icon-svg e-fas-file-alt\" viewBox=\"0 0 384 512\" xmlns=\"http:\/\/www.w3.org\/2000\/svg\"><path d=\"M224 136V0H24C10.7 0 0 10.7 0 24v464c0 13.3 10.7 24 24 24h336c13.3 0 24-10.7 24-24V160H248c-13.2 0-24-10.8-24-24zm64 236c0 6.6-5.4 12-12 12H108c-6.6 0-12-5.4-12-12v-8c0-6.6 5.4-12 12-12h168c6.6 0 12 5.4 12 12v8zm0-64c0 6.6-5.4 12-12 12H108c-6.6 0-12-5.4-12-12v-8c0-6.6 5.4-12 12-12h168c6.6 0 12 5.4 12 12v8zm0-72v8c0 6.6-5.4 12-12 12H108c-6.6 0-12-5.4-12-12v-8c0-6.6 5.4-12 12-12h168c6.6 0 12 5.4 12 12zm96-114.1v6.1H256V0h6.1c6.4 0 12.5 2.5 17 7l97.9 98c4.5 4.5 7 10.6 7 16.9z\"><\/path><\/svg>\t\t\t\t\t\t\t\t\t\t\n\t\t\t\t\t\t\t\t\t<\/span>\n\n\t\t\t\t\t\t\t\t<\/div>\n\t\t\t\t\t\t\t\t\t\t<div class=\"bdt-timeline-item-main elementor-repeater-item-06acec6\"  bdt-parallax=\"opacity:0,1;x:-200,0;viewport: 0.5;\">\n\n\t\t\t\t\t\t\t<span class=\"bdt-timeline-arrow\"><\/span>\n\t\t\t\t\t\t\t\t\t\t<span class=\"bdt-timeline-arrow bdt-visible@m\"><\/span>\n\t\t\t\n\t\t\t\t\t\t<div class=\"bdt-timeline-thumbnail\">\n\t\t\t\t<img decoding=\"async\" data-src=\"https:\/\/motacosta.pt\/wp-content\/uploads\/2026\/02\/quinta-do-costa-1-scaled.jpg\" alt=\"Quinta do Costa\" src=\"data:image\/svg+xml;base64,PHN2ZyB3aWR0aD0iMSIgaGVpZ2h0PSIxIiB4bWxucz0iaHR0cDovL3d3dy53My5vcmcvMjAwMC9zdmciPjwvc3ZnPg==\" class=\"lazyload\" style=\"--smush-placeholder-width: 2560px; --smush-placeholder-aspect-ratio: 2560\/1429;\">\n\t\t\t<\/div>\n\t\t\t\n\t\t\t<div class=\"bdt-timeline-desc\">\n\t\t\t\t\t\t<h4\t\t\tclass=\"bdt-timeline-title\">\n\t\t\t\t\t\t\t<a href=\"\" title=\"Quinta do Costa\">\n\t\t\t\t\tQuinta do Costa\t\t\t\t<\/a>\n\t\t\t\t\t<\/h4>\n\t\t\t\t\t\t\t\t\t<ul class=\"bdt-timeline-meta bdt-subnav bdt-flex-middle\">\n\t\t\t\t<li>\n\t\t\t\t\t2023 \/ 2024\t\t\t\t<\/li>\n\t\t\t<\/ul>\n\t\t\t\t\t\t\t\t\t\t<div class=\"bdt-timeline-excerpt\">\n\t\t\t\t<p>2024 \u2013 Quinta do Costa: Inova\u00e7\u00e3o e Proximidade Situado na Avenida F\u00e1brica da P\u00f3lvora, este empreendimento destaca-se pela sua natureza polivalente, combinando habita\u00e7\u00e3o moderna com uma forte componente comercial.<\/p>\t\t\t<\/div>\n\t\t\t\t\t\t\t\t\t\t<\/div>\n\t\t<\/div>\n\t\t\t\t\t\t\t\t\t<\/div>\n\t\t\t\t\t\t<\/div>\n\t\t\t\t\t<\/div>\n\n\t\t\t\t\t\t\t\t\t\t\t\t\t<div class=\"bdt-timeline-item bdt-width-1-2@m bdt-visible@m\">\n\t\t\t<div class=\"bdt-timeline-date bdt-text-\"  bdt-parallax=&quot;opacity: 0,1;x: 200,0;viewport: 0.5;&quot;>\n\t\t\t\t<span>\n\t\t\t\t\t2023 \/ 2024\t\t\t\t<\/span>\n\t\t\t<\/div>\n\t\t<\/div>\n\t\t\t\t\t\t\t\n\t\t\t\t\t\t\t\t\t\t\t\t<div class=\"bdt-timeline-item bdt-width-1-2@m bdt-visible@m\">\n\t\t\t<div class=\"bdt-timeline-date bdt-text-right\"  bdt-parallax=&quot;opacity: 0,1;x: -200,0;viewport: 0.5;&quot;>\n\t\t\t\t<span>\n\t\t\t\t\t2024\t\t\t\t<\/span>\n\t\t\t<\/div>\n\t\t<\/div>\n\t\t\t\t\t\t\t\n\n\t\t\t\t\t<div\n\t\t\t\t\t\tclass=\" bdt-width-1-2@m bdt-timeline-item right-part\">\n\n\t\t\t\t\t\t<div class=\"bdt-timeline-item-main-wrapper\">\n\t\t\t\t\t\t\t\t\t\t\t\t\t\t<div class=\"bdt-timeline-line\">\n\t\t\t\t\t\t\t\t<span  bdt-parallax=&quot;opacity: 0,1;viewport: 0.2;&quot;><\/span>\n\t\t\t\t\t\t\t<\/div>\n\t\t\t\t\t\t\t\t\t\t\t\t\t\t<div class=\"bdt-timeline-item-main-container\">\n\t\t\t\t\t\t\t\t\n\t\t\t\t\t\t\t\t\n\t\t\t\t\t\t\t\t<div class=\"bdt-timeline-icon\"  bdt-scrollspy=&quot;cls: bdt-animation-scale-up;&quot;>\n\n\t\t\t\t\t\t\t\t\t<span>\n\n\t\t\t\t\t\t\t\t\t\t\t\t\t\t\t\t\t\t\t\t\t<svg aria-hidden=\"true\" class=\"e-font-icon-svg e-fas-file-alt\" viewBox=\"0 0 384 512\" xmlns=\"http:\/\/www.w3.org\/2000\/svg\"><path d=\"M224 136V0H24C10.7 0 0 10.7 0 24v464c0 13.3 10.7 24 24 24h336c13.3 0 24-10.7 24-24V160H248c-13.2 0-24-10.8-24-24zm64 236c0 6.6-5.4 12-12 12H108c-6.6 0-12-5.4-12-12v-8c0-6.6 5.4-12 12-12h168c6.6 0 12 5.4 12 12v8zm0-64c0 6.6-5.4 12-12 12H108c-6.6 0-12-5.4-12-12v-8c0-6.6 5.4-12 12-12h168c6.6 0 12 5.4 12 12v8zm0-72v8c0 6.6-5.4 12-12 12H108c-6.6 0-12-5.4-12-12v-8c0-6.6 5.4-12 12-12h168c6.6 0 12 5.4 12 12zm96-114.1v6.1H256V0h6.1c6.4 0 12.5 2.5 17 7l97.9 98c4.5 4.5 7 10.6 7 16.9z\"><\/path><\/svg>\t\t\t\t\t\t\t\t\t\t\n\t\t\t\t\t\t\t\t\t<\/span>\n\n\t\t\t\t\t\t\t\t<\/div>\n\t\t\t\t\t\t\t\t\t\t<div class=\"bdt-timeline-item-main elementor-repeater-item-aca7645\"  bdt-parallax=\"opacity:0,1;x:200,0;viewport: 0.5;\">\n\n\t\t\t\t\t\t\t<span class=\"bdt-timeline-arrow\"><\/span>\n\t\t\t\t\t\t\t\t\t\t<span class=\"bdt-timeline-arrow bdt-visible@m\"><\/span>\n\t\t\t\n\t\t\t\t\t\t<div class=\"bdt-timeline-thumbnail\">\n\t\t\t\t<img decoding=\"async\" data-src=\"https:\/\/motacosta.pt\/wp-content\/uploads\/2026\/02\/IMG_7754.jpeg\" alt=\"Cl\u00ednica Lambert\" src=\"data:image\/svg+xml;base64,PHN2ZyB3aWR0aD0iMSIgaGVpZ2h0PSIxIiB4bWxucz0iaHR0cDovL3d3dy53My5vcmcvMjAwMC9zdmciPjwvc3ZnPg==\" class=\"lazyload\" style=\"--smush-placeholder-width: 2200px; --smush-placeholder-aspect-ratio: 2200\/1467;\">\n\t\t\t<\/div>\n\t\t\t\n\t\t\t<div class=\"bdt-timeline-desc\">\n\t\t\t\t\t\t<h4\t\t\tclass=\"bdt-timeline-title\">\n\t\t\t\t\t\t\t<a href=\"\" title=\"Cl\u00ednica Lambert\">\n\t\t\t\t\tCl\u00ednica Lambert\t\t\t\t<\/a>\n\t\t\t\t\t<\/h4>\n\t\t\t\t\t\t\t\t\t<ul class=\"bdt-timeline-meta bdt-subnav bdt-flex-middle\">\n\t\t\t\t<li>\n\t\t\t\t\t2024\t\t\t\t<\/li>\n\t\t\t<\/ul>\n\t\t\t\t\t\t\t\t\t\t<div class=\"bdt-timeline-excerpt\">\n\t\t\t\t<p>O projeto da Cl\u00ednica Lambert, integrado na estrat\u00e9gia de expans\u00e3o da Mota Costa para 2024, representa um marco na diversifica\u00e7\u00e3o do portf\u00f3lio para infraestruturas t\u00e9cnicas de sa\u00fade. Localizada em Corroios, a cl\u00ednica est\u00e1 a ser preparada com o rigor construtivo habitual para acolher uma unidade de ortopedia de reputada confian\u00e7a.<\/p>\t\t\t<\/div>\n\t\t\t\t\t\t\t\t\t\t<\/div>\n\t\t<\/div>\n\t\t\t\t\t\t\t\t\t<\/div>\n\t\t\t\t\t\t<\/div>\n\t\t\t\t\t<\/div>\n\n\t\t\t\t\t\n\t\t\t\t\n\n\t\t\t\t\t<div\n\t\t\t\t\t\tclass=\" bdt-width-1-2@m bdt-timeline-item left-part\">\n\n\t\t\t\t\t\t<div class=\"bdt-timeline-item-main-wrapper\">\n\t\t\t\t\t\t\t\t\t\t\t\t\t\t<div class=\"bdt-timeline-line\">\n\t\t\t\t\t\t\t\t<span  bdt-parallax=&quot;opacity: 0,1;viewport: 0.2;&quot;><\/span>\n\t\t\t\t\t\t\t<\/div>\n\t\t\t\t\t\t\t\t\t\t\t\t\t\t<div class=\"bdt-timeline-item-main-container\">\n\t\t\t\t\t\t\t\t\n\t\t\t\t\t\t\t\t\n\t\t\t\t\t\t\t\t<div class=\"bdt-timeline-icon\"  bdt-scrollspy=&quot;cls: bdt-animation-scale-up;&quot;>\n\n\t\t\t\t\t\t\t\t\t<span>\n\n\t\t\t\t\t\t\t\t\t\t\t\t\t\t\t\t\t\t\t\t\t<svg aria-hidden=\"true\" class=\"e-font-icon-svg e-fas-file-alt\" viewBox=\"0 0 384 512\" xmlns=\"http:\/\/www.w3.org\/2000\/svg\"><path d=\"M224 136V0H24C10.7 0 0 10.7 0 24v464c0 13.3 10.7 24 24 24h336c13.3 0 24-10.7 24-24V160H248c-13.2 0-24-10.8-24-24zm64 236c0 6.6-5.4 12-12 12H108c-6.6 0-12-5.4-12-12v-8c0-6.6 5.4-12 12-12h168c6.6 0 12 5.4 12 12v8zm0-64c0 6.6-5.4 12-12 12H108c-6.6 0-12-5.4-12-12v-8c0-6.6 5.4-12 12-12h168c6.6 0 12 5.4 12 12v8zm0-72v8c0 6.6-5.4 12-12 12H108c-6.6 0-12-5.4-12-12v-8c0-6.6 5.4-12 12-12h168c6.6 0 12 5.4 12 12zm96-114.1v6.1H256V0h6.1c6.4 0 12.5 2.5 17 7l97.9 98c4.5 4.5 7 10.6 7 16.9z\"><\/path><\/svg>\t\t\t\t\t\t\t\t\t\t\n\t\t\t\t\t\t\t\t\t<\/span>\n\n\t\t\t\t\t\t\t\t<\/div>\n\t\t\t\t\t\t\t\t\t\t<div class=\"bdt-timeline-item-main elementor-repeater-item-aab5615\"  bdt-parallax=\"opacity:0,1;x:-200,0;viewport: 0.5;\">\n\n\t\t\t\t\t\t\t<span class=\"bdt-timeline-arrow\"><\/span>\n\t\t\t\t\t\t\t\t\t\t<span class=\"bdt-timeline-arrow bdt-visible@m\"><\/span>\n\t\t\t\n\t\t\t\t\t\t<div class=\"bdt-timeline-thumbnail\">\n\t\t\t\t<img decoding=\"async\" data-src=\"https:\/\/motacosta.pt\/wp-content\/uploads\/2026\/02\/Copia-de-38-\u2013-grande.jpeg\" alt=\"Rua Francisco Manuel de Melo\" src=\"data:image\/svg+xml;base64,PHN2ZyB3aWR0aD0iMSIgaGVpZ2h0PSIxIiB4bWxucz0iaHR0cDovL3d3dy53My5vcmcvMjAwMC9zdmciPjwvc3ZnPg==\" class=\"lazyload\" style=\"--smush-placeholder-width: 1280px; --smush-placeholder-aspect-ratio: 1280\/591;\">\n\t\t\t<\/div>\n\t\t\t\n\t\t\t<div class=\"bdt-timeline-desc\">\n\t\t\t\t\t\t<h4\t\t\tclass=\"bdt-timeline-title\">\n\t\t\t\t\t\t\t<a href=\"https:\/\/bdthemes.com\" title=\"Rua Francisco Manuel de Melo\">\n\t\t\t\t\tRua Francisco Manuel de Melo\t\t\t\t<\/a>\n\t\t\t\t\t<\/h4>\n\t\t\t\t\t\t\t\t\t<ul class=\"bdt-timeline-meta bdt-subnav bdt-flex-middle\">\n\t\t\t\t<li>\n\t\t\t\t\t2024 \/ 2025\t\t\t\t<\/li>\n\t\t\t<\/ul>\n\t\t\t\t\t\t\t\t\t\t<div class=\"bdt-timeline-excerpt\">\n\t\t\t\t<p>Neste projeto, o desafio foi converter uma habita\u00e7\u00e3o de tra\u00e7o antigo e materiais desatualizados numa resid\u00eancia contempor\u00e2nea e funcional. Atrav\u00e9s de uma renova\u00e7\u00e3o intensa e criteriosa, substitu\u00edmos o que era antiquado por solu\u00e7\u00f5es de design moderno, melhorando significativamente a luminosidade e a fluidez dos espa\u00e7os.\u00a0<\/p>\t\t\t<\/div>\n\t\t\t\t\t\t\t\t\t\t<\/div>\n\t\t<\/div>\n\t\t\t\t\t\t\t\t\t<\/div>\n\t\t\t\t\t\t<\/div>\n\t\t\t\t\t<\/div>\n\n\t\t\t\t\t\t\t\t\t\t\t\t\t<div class=\"bdt-timeline-item bdt-width-1-2@m bdt-visible@m\">\n\t\t\t<div class=\"bdt-timeline-date bdt-text-\"  bdt-parallax=&quot;opacity: 0,1;x: 200,0;viewport: 0.5;&quot;>\n\t\t\t\t<span>\n\t\t\t\t\t2024 \/ 2025\t\t\t\t<\/span>\n\t\t\t<\/div>\n\t\t<\/div>\n\t\t\t\t\t\t\t\n\t\t\t\t\t\t\t\t\t\t\t\t<div class=\"bdt-timeline-item bdt-width-1-2@m bdt-visible@m\">\n\t\t\t<div class=\"bdt-timeline-date bdt-text-right\"  bdt-parallax=&quot;opacity: 0,1;x: -200,0;viewport: 0.5;&quot;>\n\t\t\t\t<span>\n\t\t\t\t\t2025 \/ 2026\t\t\t\t<\/span>\n\t\t\t<\/div>\n\t\t<\/div>\n\t\t\t\t\t\t\t\n\n\t\t\t\t\t<div\n\t\t\t\t\t\tclass=\" bdt-width-1-2@m bdt-timeline-item right-part\">\n\n\t\t\t\t\t\t<div class=\"bdt-timeline-item-main-wrapper\">\n\t\t\t\t\t\t\t\t\t\t\t\t\t\t<div class=\"bdt-timeline-line\">\n\t\t\t\t\t\t\t\t<span  bdt-parallax=&quot;opacity: 0,1;viewport: 0.2;&quot;><\/span>\n\t\t\t\t\t\t\t<\/div>\n\t\t\t\t\t\t\t\t\t\t\t\t\t\t<div class=\"bdt-timeline-item-main-container\">\n\t\t\t\t\t\t\t\t\n\t\t\t\t\t\t\t\t\n\t\t\t\t\t\t\t\t<div class=\"bdt-timeline-icon\"  bdt-scrollspy=&quot;cls: bdt-animation-scale-up;&quot;>\n\n\t\t\t\t\t\t\t\t\t<span>\n\n\t\t\t\t\t\t\t\t\t\t\t\t\t\t\t\t\t\t\t\t\t<svg aria-hidden=\"true\" class=\"e-font-icon-svg e-fas-file-alt\" viewBox=\"0 0 384 512\" xmlns=\"http:\/\/www.w3.org\/2000\/svg\"><path d=\"M224 136V0H24C10.7 0 0 10.7 0 24v464c0 13.3 10.7 24 24 24h336c13.3 0 24-10.7 24-24V160H248c-13.2 0-24-10.8-24-24zm64 236c0 6.6-5.4 12-12 12H108c-6.6 0-12-5.4-12-12v-8c0-6.6 5.4-12 12-12h168c6.6 0 12 5.4 12 12v8zm0-64c0 6.6-5.4 12-12 12H108c-6.6 0-12-5.4-12-12v-8c0-6.6 5.4-12 12-12h168c6.6 0 12 5.4 12 12v8zm0-72v8c0 6.6-5.4 12-12 12H108c-6.6 0-12-5.4-12-12v-8c0-6.6 5.4-12 12-12h168c6.6 0 12 5.4 12 12zm96-114.1v6.1H256V0h6.1c6.4 0 12.5 2.5 17 7l97.9 98c4.5 4.5 7 10.6 7 16.9z\"><\/path><\/svg>\t\t\t\t\t\t\t\t\t\t\n\t\t\t\t\t\t\t\t\t<\/span>\n\n\t\t\t\t\t\t\t\t<\/div>\n\t\t\t\t\t\t\t\t\t\t<div class=\"bdt-timeline-item-main elementor-repeater-item-7487a3b\"  bdt-parallax=\"opacity:0,1;x:200,0;viewport: 0.5;\">\n\n\t\t\t\t\t\t\t<span class=\"bdt-timeline-arrow\"><\/span>\n\t\t\t\t\t\t\t\t\t\t<span class=\"bdt-timeline-arrow bdt-visible@m\"><\/span>\n\t\t\t\n\t\t\t\t\t\t<div class=\"bdt-timeline-thumbnail\">\n\t\t\t\t<img decoding=\"async\" data-src=\"https:\/\/motacosta.pt\/wp-content\/uploads\/2026\/02\/Copia-de-PHOTO-2024-10-11-19-16-04-8-\u2013-grande.jpeg\" alt=\"Fornalhas Novas\" src=\"data:image\/svg+xml;base64,PHN2ZyB3aWR0aD0iMSIgaGVpZ2h0PSIxIiB4bWxucz0iaHR0cDovL3d3dy53My5vcmcvMjAwMC9zdmciPjwvc3ZnPg==\" class=\"lazyload\" style=\"--smush-placeholder-width: 1280px; --smush-placeholder-aspect-ratio: 1280\/720;\">\n\t\t\t<\/div>\n\t\t\t\n\t\t\t<div class=\"bdt-timeline-desc\">\n\t\t\t\t\t\t<h4\t\t\tclass=\"bdt-timeline-title\">\n\t\t\t\t\t\t\t<a href=\"https:\/\/bdthemes.com\" title=\"Fornalhas Novas\">\n\t\t\t\t\tFornalhas Novas\t\t\t\t<\/a>\n\t\t\t\t\t<\/h4>\n\t\t\t\t\t\t\t\t\t<ul class=\"bdt-timeline-meta bdt-subnav bdt-flex-middle\">\n\t\t\t\t<li>\n\t\t\t\t\t2025 \/ 2026\t\t\t\t<\/li>\n\t\t\t<\/ul>\n\t\t\t\t\t\t\t\t\t\t<div class=\"bdt-timeline-excerpt\">\n\t\t\t\t<p>Este projeto em desenvolvimento representa uma das interven\u00e7\u00f5es mais ambiciosas da Mota Costa, onde um antigo monte alentejano est\u00e1 a ser transformado numa <b data-path-to-node=\"3\" data-index-in-node=\"156\">vivenda t\u00e9rrea de luxo<\/b>. Respeitando a alma e a tra\u00e7a da propriedade original, estamos a edificar uma habita\u00e7\u00e3o moderna que privilegia a liga\u00e7\u00e3o com a natureza e o conforto absoluto.\u00a0<\/p>\t\t\t<\/div>\n\t\t\t\t\t\t\t\t\t\t<\/div>\n\t\t<\/div>\n\t\t\t\t\t\t\t\t\t<\/div>\n\t\t\t\t\t\t<\/div>\n\t\t\t\t\t<\/div>\n\n\t\t\t\t\t\n\t\t\t\t\n\n\t\t\t\t\t<div\n\t\t\t\t\t\tclass=\" bdt-width-1-2@m bdt-timeline-item left-part\">\n\n\t\t\t\t\t\t<div class=\"bdt-timeline-item-main-wrapper\">\n\t\t\t\t\t\t\t\t\t\t\t\t\t\t<div class=\"bdt-timeline-item-main-container\">\n\t\t\t\t\t\t\t\t\n\t\t\t\t\t\t\t\t\n\t\t\t\t\t\t\t\t<div class=\"bdt-timeline-icon\"  bdt-scrollspy=&quot;cls: bdt-animation-scale-up;&quot;>\n\n\t\t\t\t\t\t\t\t\t<span>\n\n\t\t\t\t\t\t\t\t\t\t\t\t\t\t\t\t\t\t\t\t\t<svg aria-hidden=\"true\" class=\"e-font-icon-svg e-fas-file-alt\" viewBox=\"0 0 384 512\" xmlns=\"http:\/\/www.w3.org\/2000\/svg\"><path d=\"M224 136V0H24C10.7 0 0 10.7 0 24v464c0 13.3 10.7 24 24 24h336c13.3 0 24-10.7 24-24V160H248c-13.2 0-24-10.8-24-24zm64 236c0 6.6-5.4 12-12 12H108c-6.6 0-12-5.4-12-12v-8c0-6.6 5.4-12 12-12h168c6.6 0 12 5.4 12 12v8zm0-64c0 6.6-5.4 12-12 12H108c-6.6 0-12-5.4-12-12v-8c0-6.6 5.4-12 12-12h168c6.6 0 12 5.4 12 12v8zm0-72v8c0 6.6-5.4 12-12 12H108c-6.6 0-12-5.4-12-12v-8c0-6.6 5.4-12 12-12h168c6.6 0 12 5.4 12 12zm96-114.1v6.1H256V0h6.1c6.4 0 12.5 2.5 17 7l97.9 98c4.5 4.5 7 10.6 7 16.9z\"><\/path><\/svg>\t\t\t\t\t\t\t\t\t\t\n\t\t\t\t\t\t\t\t\t<\/span>\n\n\t\t\t\t\t\t\t\t<\/div>\n\t\t\t\t\t\t\t\t\t\t<div class=\"bdt-timeline-item-main elementor-repeater-item-fe7cc22\"  bdt-parallax=\"opacity:0,1;x:-200,0;viewport: 0.5;\">\n\n\t\t\t\t\t\t\t<span class=\"bdt-timeline-arrow\"><\/span>\n\t\t\t\t\t\t\t\t\t\t<span class=\"bdt-timeline-arrow bdt-visible@m\"><\/span>\n\t\t\t\n\t\t\t\t\t\t<div class=\"bdt-timeline-thumbnail\">\n\t\t\t\t<img decoding=\"async\" data-src=\"https:\/\/motacosta.pt\/wp-content\/uploads\/2026\/02\/Copia-de-Valadares_Lote-212-4-4-scaled.jpg\" alt=\"Vila Valadares\" src=\"data:image\/svg+xml;base64,PHN2ZyB3aWR0aD0iMSIgaGVpZ2h0PSIxIiB4bWxucz0iaHR0cDovL3d3dy53My5vcmcvMjAwMC9zdmciPjwvc3ZnPg==\" class=\"lazyload\" style=\"--smush-placeholder-width: 2560px; --smush-placeholder-aspect-ratio: 2560\/1440;\">\n\t\t\t<\/div>\n\t\t\t\n\t\t\t<div class=\"bdt-timeline-desc\">\n\t\t\t\t\t\t<h4\t\t\tclass=\"bdt-timeline-title\">\n\t\t\t\t\t\t\t<a href=\"\" title=\"Vila Valadares\">\n\t\t\t\t\tVila Valadares\t\t\t\t<\/a>\n\t\t\t\t\t<\/h4>\n\t\t\t\t\t\t\t\t\t<ul class=\"bdt-timeline-meta bdt-subnav bdt-flex-middle\">\n\t\t\t\t<li>\n\t\t\t\t\t2025 \/ 2026\t\t\t\t<\/li>\n\t\t\t<\/ul>\n\t\t\t\t\t\t\t\t\t\t<div class=\"bdt-timeline-excerpt\">\n\t\t\t\t<p>Inaugura\u00e7\u00e3o e lan\u00e7amento de novos projetos residenciais e comerciais de refer\u00eancia. O empreendimento Vilas Valadares surge como o expoente m\u00e1ximo da qualidade de constru\u00e7\u00e3o e do rigor t\u00e9cnico da marca.<\/p>\t\t\t<\/div>\n\t\t\t\t\t\t\t\t\t\t<\/div>\n\t\t<\/div>\n\t\t\t\t\t\t\t\t\t<\/div>\n\t\t\t\t\t\t<\/div>\n\t\t\t\t\t<\/div>\n\n\t\t\t\t\t\t\t\t\t\t\t\t\t<div class=\"bdt-timeline-item bdt-width-1-2@m bdt-visible@m\">\n\t\t\t<div class=\"bdt-timeline-date bdt-text-\"  bdt-parallax=&quot;opacity: 0,1;x: 200,0;viewport: 0.5;&quot;>\n\t\t\t\t<span>\n\t\t\t\t\t2025 \/ 2026\t\t\t\t<\/span>\n\t\t\t<\/div>\n\t\t<\/div>\n\t\t\t\t\t\t\t\n\t\t\t\t\n\t\t\t\t\n\t\t\t<\/div>\n\t\t<\/div>\n\t\t\t\t\t\t<\/div>\n\t\t\t\t\t<\/div>\n\t\t\t\t<\/div>\n\t\t<div class=\"elementor-element elementor-element-8c298be e-flex e-con-boxed magic-button-disabled-no e-con e-parent\" data-id=\"8c298be\" data-element_type=\"container\" data-e-type=\"container\">\n\t\t\t\t\t<div class=\"e-con-inner\">\n\t\t<div class=\"elementor-element elementor-element-ea387de e-con-full e-flex magic-button-disabled-no e-con e-child\" data-id=\"ea387de\" data-element_type=\"container\" data-e-type=\"container\">\n\t\t<div class=\"elementor-element elementor-element-9386e12 e-flex e-con-boxed magic-button-disabled-no e-con e-child\" data-id=\"9386e12\" data-element_type=\"container\" data-e-type=\"container\">\n\t\t\t\t\t<div class=\"e-con-inner\">\n\t\t\t\t<div class=\"elementor-element elementor-element-bf925fb elementor-widget elementor-widget-heading\" data-id=\"bf925fb\" data-element_type=\"widget\" data-e-type=\"widget\" data-widget_type=\"heading.default\">\n\t\t\t\t\t<h3 class=\"elementor-heading-title elementor-size-default\">FAQ<\/h3>\t\t\t\t<\/div>\n\t\t\t\t<div class=\"elementor-element elementor-element-6d0a987 elementor-widget elementor-widget-heading\" data-id=\"6d0a987\" data-element_type=\"widget\" data-e-type=\"widget\" data-widget_type=\"heading.default\">\n\t\t\t\t\t<h2 class=\"elementor-heading-title elementor-size-default\">Perguntas Frequentes<\/h2>\t\t\t\t<\/div>\n\t\t\t\t\t<\/div>\n\t\t\t\t<\/div>\n\t\t<div class=\"elementor-element elementor-element-476376d e-con-full e-flex magic-button-disabled-no e-con e-child\" data-id=\"476376d\" data-element_type=\"container\" data-e-type=\"container\">\n\t\t\t\t<div class=\"elementor-element elementor-element-12262c6 elementor-widget__width-inherit elementor-widget elementor-widget-toggle\" data-id=\"12262c6\" data-element_type=\"widget\" data-e-type=\"widget\" data-widget_type=\"toggle.default\">\n\t\t\t\t\t\t\t<div class=\"elementor-toggle\">\n\t\t\t\t\t\t\t<div class=\"elementor-toggle-item\">\n\t\t\t\t\t<div id=\"elementor-tab-title-1901\" class=\"elementor-tab-title\" data-tab=\"1\" role=\"button\" aria-controls=\"elementor-tab-content-1901\" aria-expanded=\"false\">\n\t\t\t\t\t\t\t\t\t\t\t\t<span class=\"elementor-toggle-icon elementor-toggle-icon-right\" aria-hidden=\"true\">\n\t\t\t\t\t\t\t\t\t\t\t\t\t\t\t<span class=\"elementor-toggle-icon-closed\"><svg class=\"e-font-icon-svg e-fas-angle-down\" viewBox=\"0 0 320 512\" xmlns=\"http:\/\/www.w3.org\/2000\/svg\"><path d=\"M143 352.3L7 216.3c-9.4-9.4-9.4-24.6 0-33.9l22.6-22.6c9.4-9.4 24.6-9.4 33.9 0l96.4 96.4 96.4-96.4c9.4-9.4 24.6-9.4 33.9 0l22.6 22.6c9.4 9.4 9.4 24.6 0 33.9l-136 136c-9.2 9.4-24.4 9.4-33.8 0z\"><\/path><\/svg><\/span>\n\t\t\t\t\t\t\t\t<span class=\"elementor-toggle-icon-opened\"><svg class=\"elementor-toggle-icon-opened e-font-icon-svg e-fas-angle-up\" viewBox=\"0 0 320 512\" xmlns=\"http:\/\/www.w3.org\/2000\/svg\"><path d=\"M177 159.7l136 136c9.4 9.4 9.4 24.6 0 33.9l-22.6 22.6c-9.4 9.4-24.6 9.4-33.9 0L160 255.9l-96.4 96.4c-9.4 9.4-24.6 9.4-33.9 0L7 329.7c-9.4-9.4-9.4-24.6 0-33.9l136-136c9.4-9.5 24.6-9.5 34-.1z\"><\/path><\/svg><\/span>\n\t\t\t\t\t\t\t\t\t\t\t\t\t<\/span>\n\t\t\t\t\t\t\t\t\t\t\t\t<a class=\"elementor-toggle-title\" tabindex=\"0\">1. O que distingue a Mota Costa de outras empresas do setor?<\/a>\n\t\t\t\t\t<\/div>\n\n\t\t\t\t\t<div id=\"elementor-tab-content-1901\" class=\"elementor-tab-content elementor-clearfix\" data-tab=\"1\" role=\"region\" aria-labelledby=\"elementor-tab-title-1901\"><p><span data-path-to-node=\"5,1\"><span class=\"citation-99\">Damo-nos ao respeito atrav\u00e9s do rigor<\/span><\/span><span data-path-to-node=\"5,3\">. <\/span><span data-path-to-node=\"5,5\"><span class=\"citation-98\">Ao contr\u00e1rio de muitas imobili\u00e1rias, a Mota Costa \u00e9 uma propriet\u00e1ria e construtora com patrim\u00f3nio consolidado e sede pr\u00f3pria<\/span><\/span><span data-path-to-node=\"5,7\">. <\/span><span data-path-to-node=\"5,9\"><span class=\"citation-97\">O nosso gerente, Bruno Costa, acompanha as obras diariamente, garantindo que a qualidade final supera sempre o projeto inicial<\/span><\/span><span data-path-to-node=\"5,11\">.<\/span><\/p><\/div>\n\t\t\t\t<\/div>\n\t\t\t\t\t\t\t<div class=\"elementor-toggle-item\">\n\t\t\t\t\t<div id=\"elementor-tab-title-1902\" class=\"elementor-tab-title\" data-tab=\"2\" role=\"button\" aria-controls=\"elementor-tab-content-1902\" aria-expanded=\"false\">\n\t\t\t\t\t\t\t\t\t\t\t\t<span class=\"elementor-toggle-icon elementor-toggle-icon-right\" aria-hidden=\"true\">\n\t\t\t\t\t\t\t\t\t\t\t\t\t\t\t<span class=\"elementor-toggle-icon-closed\"><svg class=\"e-font-icon-svg e-fas-angle-down\" viewBox=\"0 0 320 512\" xmlns=\"http:\/\/www.w3.org\/2000\/svg\"><path d=\"M143 352.3L7 216.3c-9.4-9.4-9.4-24.6 0-33.9l22.6-22.6c9.4-9.4 24.6-9.4 33.9 0l96.4 96.4 96.4-96.4c9.4-9.4 24.6-9.4 33.9 0l22.6 22.6c9.4 9.4 9.4 24.6 0 33.9l-136 136c-9.2 9.4-24.4 9.4-33.8 0z\"><\/path><\/svg><\/span>\n\t\t\t\t\t\t\t\t<span class=\"elementor-toggle-icon-opened\"><svg class=\"elementor-toggle-icon-opened e-font-icon-svg e-fas-angle-up\" viewBox=\"0 0 320 512\" xmlns=\"http:\/\/www.w3.org\/2000\/svg\"><path d=\"M177 159.7l136 136c9.4 9.4 9.4 24.6 0 33.9l-22.6 22.6c-9.4 9.4-24.6 9.4-33.9 0L160 255.9l-96.4 96.4c-9.4 9.4-24.6 9.4-33.9 0L7 329.7c-9.4-9.4-9.4-24.6 0-33.9l136-136c9.4-9.5 24.6-9.5 34-.1z\"><\/path><\/svg><\/span>\n\t\t\t\t\t\t\t\t\t\t\t\t\t<\/span>\n\t\t\t\t\t\t\t\t\t\t\t\t<a class=\"elementor-toggle-title\" tabindex=\"0\">2. Como garantem os prazos e a qualidade da constru\u00e7\u00e3o?<\/a>\n\t\t\t\t\t<\/div>\n\n\t\t\t\t\t<div id=\"elementor-tab-content-1902\" class=\"elementor-tab-content elementor-clearfix\" data-tab=\"2\" role=\"region\" aria-labelledby=\"elementor-tab-title-1902\"><p data-path-to-node=\"7\"><span data-path-to-node=\"7,1\"><span class=\"citation-96\">A nossa estrutura de gest\u00e3o permite um controlo total sobre cada etapa<\/span><\/span><span data-path-to-node=\"7,3\">. <\/span><span data-path-to-node=\"7,5\"><span class=\"citation-95\">Realizamos inspe\u00e7\u00f5es di\u00e1rias rigorosas no terreno e trabalhamos exclusivamente com equipas profissionais e materiais de alta qualidade<\/span><\/span><span data-path-to-node=\"7,7\">. <\/span><span data-path-to-node=\"7,9\"><span class=\"citation-94\">Para n\u00f3s, um prazo cumprido \u00e9 uma quest\u00e3o de honra e responsabilidade perante o nosso patrim\u00f3nio e os nossos clientes<\/span><\/span><span data-path-to-node=\"7,11\">.<\/span><\/p><h4 data-path-to-node=\"8\">\u00a0<\/h4><\/div>\n\t\t\t\t<\/div>\n\t\t\t\t\t\t\t<div class=\"elementor-toggle-item\">\n\t\t\t\t\t<div id=\"elementor-tab-title-1903\" class=\"elementor-tab-title\" data-tab=\"3\" role=\"button\" aria-controls=\"elementor-tab-content-1903\" aria-expanded=\"false\">\n\t\t\t\t\t\t\t\t\t\t\t\t<span class=\"elementor-toggle-icon elementor-toggle-icon-right\" aria-hidden=\"true\">\n\t\t\t\t\t\t\t\t\t\t\t\t\t\t\t<span class=\"elementor-toggle-icon-closed\"><svg class=\"e-font-icon-svg e-fas-angle-down\" viewBox=\"0 0 320 512\" xmlns=\"http:\/\/www.w3.org\/2000\/svg\"><path d=\"M143 352.3L7 216.3c-9.4-9.4-9.4-24.6 0-33.9l22.6-22.6c9.4-9.4 24.6-9.4 33.9 0l96.4 96.4 96.4-96.4c9.4-9.4 24.6-9.4 33.9 0l22.6 22.6c9.4 9.4 9.4 24.6 0 33.9l-136 136c-9.2 9.4-24.4 9.4-33.8 0z\"><\/path><\/svg><\/span>\n\t\t\t\t\t\t\t\t<span class=\"elementor-toggle-icon-opened\"><svg class=\"elementor-toggle-icon-opened e-font-icon-svg e-fas-angle-up\" viewBox=\"0 0 320 512\" xmlns=\"http:\/\/www.w3.org\/2000\/svg\"><path d=\"M177 159.7l136 136c9.4 9.4 9.4 24.6 0 33.9l-22.6 22.6c-9.4 9.4-24.6 9.4-33.9 0L160 255.9l-96.4 96.4c-9.4 9.4-24.6 9.4-33.9 0L7 329.7c-9.4-9.4-9.4-24.6 0-33.9l136-136c9.4-9.5 24.6-9.5 34-.1z\"><\/path><\/svg><\/span>\n\t\t\t\t\t\t\t\t\t\t\t\t\t<\/span>\n\t\t\t\t\t\t\t\t\t\t\t\t<a class=\"elementor-toggle-title\" tabindex=\"0\">3. Que tipo de projetos comp\u00f5em o vosso portf\u00f3lio?<\/a>\n\t\t\t\t\t<\/div>\n\n\t\t\t\t\t<div id=\"elementor-tab-content-1903\" class=\"elementor-tab-content elementor-clearfix\" data-tab=\"3\" role=\"region\" aria-labelledby=\"elementor-tab-title-1903\"><p data-path-to-node=\"9\"><span data-path-to-node=\"9,1\"><span class=\"citation-93\">O nosso portf\u00f3lio \u00e9 vasto e diversificado, incluindo desde habita\u00e7\u00e3o premium \u2014 como o novo empreendimento <\/span><b data-path-to-node=\"9,1\" data-index-in-node=\"106\"><span class=\"citation-93\">Vilas Valadares<\/span><\/b><span class=\"citation-93\"> \u2014 at\u00e9 grandes espa\u00e7os comerciais, armaz\u00e9ns log\u00edsticos e cl\u00ednicas de sa\u00fade<\/span><\/span><span data-path-to-node=\"9,3\">. <\/span><span data-path-to-node=\"9,5\"><span class=\"citation-92\">Atualmente, gerimos uma carteira ativa com mais de 150 inquilinos satisfeitos<\/span><\/span><span data-path-to-node=\"9,7\">.<\/span><\/p><h4 data-path-to-node=\"10\">\u00a0<\/h4><\/div>\n\t\t\t\t<\/div>\n\t\t\t\t\t\t\t\t<\/div>\n\t\t\t\t\t\t<\/div>\n\t\t\t\t<div class=\"elementor-element elementor-element-6559a73 elementor-widget__width-inherit elementor-widget elementor-widget-toggle\" data-id=\"6559a73\" data-element_type=\"widget\" data-e-type=\"widget\" data-widget_type=\"toggle.default\">\n\t\t\t\t\t\t\t<div class=\"elementor-toggle\">\n\t\t\t\t\t\t\t<div class=\"elementor-toggle-item\">\n\t\t\t\t\t<div id=\"elementor-tab-title-1061\" class=\"elementor-tab-title\" data-tab=\"1\" role=\"button\" aria-controls=\"elementor-tab-content-1061\" aria-expanded=\"false\">\n\t\t\t\t\t\t\t\t\t\t\t\t<span class=\"elementor-toggle-icon elementor-toggle-icon-right\" aria-hidden=\"true\">\n\t\t\t\t\t\t\t\t\t\t\t\t\t\t\t<span class=\"elementor-toggle-icon-closed\"><svg class=\"e-font-icon-svg e-fas-angle-down\" viewBox=\"0 0 320 512\" xmlns=\"http:\/\/www.w3.org\/2000\/svg\"><path d=\"M143 352.3L7 216.3c-9.4-9.4-9.4-24.6 0-33.9l22.6-22.6c9.4-9.4 24.6-9.4 33.9 0l96.4 96.4 96.4-96.4c9.4-9.4 24.6-9.4 33.9 0l22.6 22.6c9.4 9.4 9.4 24.6 0 33.9l-136 136c-9.2 9.4-24.4 9.4-33.8 0z\"><\/path><\/svg><\/span>\n\t\t\t\t\t\t\t\t<span class=\"elementor-toggle-icon-opened\"><svg class=\"elementor-toggle-icon-opened e-font-icon-svg e-fas-angle-up\" viewBox=\"0 0 320 512\" xmlns=\"http:\/\/www.w3.org\/2000\/svg\"><path d=\"M177 159.7l136 136c9.4 9.4 9.4 24.6 0 33.9l-22.6 22.6c-9.4 9.4-24.6 9.4-33.9 0L160 255.9l-96.4 96.4c-9.4 9.4-24.6 9.4-33.9 0L7 329.7c-9.4-9.4-9.4-24.6 0-33.9l136-136c9.4-9.5 24.6-9.5 34-.1z\"><\/path><\/svg><\/span>\n\t\t\t\t\t\t\t\t\t\t\t\t\t<\/span>\n\t\t\t\t\t\t\t\t\t\t\t\t<a class=\"elementor-toggle-title\" tabindex=\"0\">4. \u00c9 poss\u00edvel visitar os empreendimentos antes de investir?<\/a>\n\t\t\t\t\t<\/div>\n\n\t\t\t\t\t<div id=\"elementor-tab-content-1061\" class=\"elementor-tab-content elementor-clearfix\" data-tab=\"1\" role=\"region\" aria-labelledby=\"elementor-tab-title-1061\"><p data-path-to-node=\"11\"><span data-path-to-node=\"11,0\">Com certeza. <\/span><span data-path-to-node=\"11,2\"><span class=\"citation-91\">Valorizamos a transpar\u00eancia e temos &#8220;porta aberta&#8221; na nossa sede em Vale de Milha\u00e7os<\/span><\/span><span data-path-to-node=\"11,4\">. Convidamos todos os potenciais investidores a visitar as nossas obras conclu\u00eddas e em curso, como as <b data-path-to-node=\"11,4\" data-index-in-node=\"103\">Vilas Valadares<\/b>, para comprovarem pessoalmente o nosso padr\u00e3o de excel\u00eancia.<\/span><\/p><h4 data-path-to-node=\"12\">\u00a0<\/h4><\/div>\n\t\t\t\t<\/div>\n\t\t\t\t\t\t\t<div class=\"elementor-toggle-item\">\n\t\t\t\t\t<div id=\"elementor-tab-title-1062\" class=\"elementor-tab-title\" data-tab=\"2\" role=\"button\" aria-controls=\"elementor-tab-content-1062\" aria-expanded=\"false\">\n\t\t\t\t\t\t\t\t\t\t\t\t<span class=\"elementor-toggle-icon elementor-toggle-icon-right\" aria-hidden=\"true\">\n\t\t\t\t\t\t\t\t\t\t\t\t\t\t\t<span class=\"elementor-toggle-icon-closed\"><svg class=\"e-font-icon-svg e-fas-angle-down\" viewBox=\"0 0 320 512\" xmlns=\"http:\/\/www.w3.org\/2000\/svg\"><path d=\"M143 352.3L7 216.3c-9.4-9.4-9.4-24.6 0-33.9l22.6-22.6c9.4-9.4 24.6-9.4 33.9 0l96.4 96.4 96.4-96.4c9.4-9.4 24.6-9.4 33.9 0l22.6 22.6c9.4 9.4 9.4 24.6 0 33.9l-136 136c-9.2 9.4-24.4 9.4-33.8 0z\"><\/path><\/svg><\/span>\n\t\t\t\t\t\t\t\t<span class=\"elementor-toggle-icon-opened\"><svg class=\"elementor-toggle-icon-opened e-font-icon-svg e-fas-angle-up\" viewBox=\"0 0 320 512\" xmlns=\"http:\/\/www.w3.org\/2000\/svg\"><path d=\"M177 159.7l136 136c9.4 9.4 9.4 24.6 0 33.9l-22.6 22.6c-9.4 9.4-24.6 9.4-33.9 0L160 255.9l-96.4 96.4c-9.4 9.4-24.6 9.4-33.9 0L7 329.7c-9.4-9.4-9.4-24.6 0-33.9l136-136c9.4-9.5 24.6-9.5 34-.1z\"><\/path><\/svg><\/span>\n\t\t\t\t\t\t\t\t\t\t\t\t\t<\/span>\n\t\t\t\t\t\t\t\t\t\t\t\t<a class=\"elementor-toggle-title\" tabindex=\"0\">5. A Mota Costa tamb\u00e9m realiza remodela\u00e7\u00f5es integrais?<\/a>\n\t\t\t\t\t<\/div>\n\n\t\t\t\t\t<div id=\"elementor-tab-content-1062\" class=\"elementor-tab-content elementor-clearfix\" data-tab=\"2\" role=\"region\" aria-labelledby=\"elementor-tab-title-1062\"><p data-path-to-node=\"13\"><span data-path-to-node=\"13,0\">Sim. <\/span><span data-path-to-node=\"13,2\"><span class=\"citation-90\">Uma das nossas especialidades \u00e9 a aquisi\u00e7\u00e3o e remodela\u00e7\u00e3o integral de im\u00f3veis, transformando ativos antigos em habita\u00e7\u00f5es modernas e eficientes<\/span><\/span><span data-path-to-node=\"13,4\">. <\/span><span data-path-to-node=\"13,6\"><span class=\"citation-89\">Aplicamos o mesmo rigor de uma constru\u00e7\u00e3o de raiz para garantir que o im\u00f3vel remodelado cumpre todos os padr\u00f5es de luxo e durabilidade da nossa marca<\/span><\/span><span data-path-to-node=\"13,8\">.<\/span><\/p><\/div>\n\t\t\t\t<\/div>\n\t\t\t\t\t\t\t<div class=\"elementor-toggle-item\">\n\t\t\t\t\t<div id=\"elementor-tab-title-1063\" class=\"elementor-tab-title\" data-tab=\"3\" role=\"button\" aria-controls=\"elementor-tab-content-1063\" aria-expanded=\"false\">\n\t\t\t\t\t\t\t\t\t\t\t\t<span class=\"elementor-toggle-icon elementor-toggle-icon-right\" aria-hidden=\"true\">\n\t\t\t\t\t\t\t\t\t\t\t\t\t\t\t<span class=\"elementor-toggle-icon-closed\"><svg class=\"e-font-icon-svg e-fas-angle-down\" viewBox=\"0 0 320 512\" xmlns=\"http:\/\/www.w3.org\/2000\/svg\"><path d=\"M143 352.3L7 216.3c-9.4-9.4-9.4-24.6 0-33.9l22.6-22.6c9.4-9.4 24.6-9.4 33.9 0l96.4 96.4 96.4-96.4c9.4-9.4 24.6-9.4 33.9 0l22.6 22.6c9.4 9.4 9.4 24.6 0 33.9l-136 136c-9.2 9.4-24.4 9.4-33.8 0z\"><\/path><\/svg><\/span>\n\t\t\t\t\t\t\t\t<span class=\"elementor-toggle-icon-opened\"><svg class=\"elementor-toggle-icon-opened e-font-icon-svg e-fas-angle-up\" viewBox=\"0 0 320 512\" xmlns=\"http:\/\/www.w3.org\/2000\/svg\"><path d=\"M177 159.7l136 136c9.4 9.4 9.4 24.6 0 33.9l-22.6 22.6c-9.4 9.4-24.6 9.4-33.9 0L160 255.9l-96.4 96.4c-9.4 9.4-24.6 9.4-33.9 0L7 329.7c-9.4-9.4-9.4-24.6 0-33.9l136-136c9.4-9.5 24.6-9.5 34-.1z\"><\/path><\/svg><\/span>\n\t\t\t\t\t\t\t\t\t\t\t\t\t<\/span>\n\t\t\t\t\t\t\t\t\t\t\t\t<a class=\"elementor-toggle-title\" tabindex=\"0\">6. Porqu\u00ea investir nos empreendimentos Mota Costa em Corroios?<\/a>\n\t\t\t\t\t<\/div>\n\n\t\t\t\t\t<div id=\"elementor-tab-content-1063\" class=\"elementor-tab-content elementor-clearfix\" data-tab=\"3\" role=\"region\" aria-labelledby=\"elementor-tab-title-1063\"><p><span data-path-to-node=\"2,1\"><span class=\"citation-169\">Escolhemos localiza\u00e7\u00f5es estrat\u00e9gicas, como a Quinta de Valadares e Vale de Milha\u00e7os, pela sua elevada valoriza\u00e7\u00e3o e qualidade de vida<\/span><\/span><span data-path-to-node=\"2,3\">. <\/span><span data-path-to-node=\"2,5\"><span class=\"citation-168\">Aliamos a conveni\u00eancia dos acessos e servi\u00e7os de uma vila em expans\u00e3o \u00e0 exclusividade de projetos planeados para durar gera\u00e7\u00f5es<\/span><\/span><span data-path-to-node=\"2,7\">. <\/span><span data-path-to-node=\"2,9\"><span class=\"citation-167\">Investir connosco \u00e9 apostar num territ\u00f3rio que conhecemos profundamente e onde mantemos a nossa sede e porta aberta<\/span><\/span><span data-path-to-node=\"2,11\">.<\/span><\/p><div class=\"source-inline-chip-container ng-star-inserted\">\u00a0<\/div><\/div>\n\t\t\t\t<\/div>\n\t\t\t\t\t\t\t\t<\/div>\n\t\t\t\t\t\t<\/div>\n\t\t\t\t<\/div>\n\t\t\t\t<\/div>\n\t\t\t\t\t<\/div>\n\t\t\t\t<\/div>\n\t\t\t\t<\/div>\n\t\t","protected":false},"excerpt":{"rendered":"<p>MOTACOSTA INVESTIMENTOS IMOBILI\u00c1RIOS QUEM SOMOS Especialistas no Mercado 33 Anos de Experi\u00eancia em Investimentos Imobili\u00e1rios &#8220;Ter uma casa pr\u00f3pria \u00e9 a base da prosperidade, tanto pela solidez financeira como pela seguran\u00e7a emocional.&#8221; Suze Orman Dom\u00ednio do Mercado Conhecemos profundamente a regi\u00e3o de Corroios, o que nos permite identificar as melhores oportunidades de investimento e valoriza\u00e7\u00e3o [&hellip;]<\/p>\n","protected":false},"author":1,"featured_media":0,"parent":0,"menu_order":0,"comment_status":"closed","ping_status":"closed","template":"elementor_header_footer","meta":{"footnotes":""},"class_list":["post-166","page","type-page","status-publish","hentry"],"_links":{"self":[{"href":"https:\/\/motacosta.pt\/index.php\/wp-json\/wp\/v2\/pages\/166","targetHints":{"allow":["GET"]}}],"collection":[{"href":"https:\/\/motacosta.pt\/index.php\/wp-json\/wp\/v2\/pages"}],"about":[{"href":"https:\/\/motacosta.pt\/index.php\/wp-json\/wp\/v2\/types\/page"}],"author":[{"embeddable":true,"href":"https:\/\/motacosta.pt\/index.php\/wp-json\/wp\/v2\/users\/1"}],"replies":[{"embeddable":true,"href":"https:\/\/motacosta.pt\/index.php\/wp-json\/wp\/v2\/comments?post=166"}],"version-history":[{"count":98,"href":"https:\/\/motacosta.pt\/index.php\/wp-json\/wp\/v2\/pages\/166\/revisions"}],"predecessor-version":[{"id":1692,"href":"https:\/\/motacosta.pt\/index.php\/wp-json\/wp\/v2\/pages\/166\/revisions\/1692"}],"wp:attachment":[{"href":"https:\/\/motacosta.pt\/index.php\/wp-json\/wp\/v2\/media?parent=166"}],"curies":[{"name":"wp","href":"https:\/\/api.w.org\/{rel}","templated":true}]}}